{"id":693,"date":"2023-08-15T23:52:42","date_gmt":"2023-08-15T21:52:42","guid":{"rendered":"https:\/\/www.annacarmona.com\/?page_id=693"},"modified":"2023-10-31T23:43:43","modified_gmt":"2023-10-31T21:43:43","slug":"creaciones","status":"publish","type":"page","link":"https:\/\/www.annacarmona.com\/?page_id=693","title":{"rendered":"Creaciones"},"content":{"rendered":"\t\t<div data-elementor-type=\"wp-page\" data-elementor-id=\"693\" class=\"elementor elementor-693\" data-elementor-post-type=\"page\">\n\t\t\t\t\t\t<section class=\"elementor-section elementor-top-section elementor-element elementor-element-6e70e76 elementor-section-boxed elementor-section-height-default elementor-section-height-default\" data-id=\"6e70e76\" data-element_type=\"section\">\n\t\t\t\t\t\t<div class=\"elementor-container elementor-column-gap-default\">\n\t\t\t\t\t<div class=\"elementor-column elementor-col-100 elementor-top-column elementor-element elementor-element-a73ea1a\" data-id=\"a73ea1a\" data-element_type=\"column\">\n\t\t\t<div class=\"elementor-widget-wrap elementor-element-populated\">\n\t\t\t\t\t\t<div class=\"elementor-element elementor-element-73dea77 elementor-toc--minimized-on-tablet elementor-widget elementor-widget-table-of-contents\" data-id=\"73dea77\" data-element_type=\"widget\" data-settings=\"{&quot;exclude_headings_by_selector&quot;:[],&quot;headings_by_tags&quot;:[&quot;h2&quot;],&quot;marker_view&quot;:&quot;numbers&quot;,&quot;no_headings_message&quot;:&quot;No headings were found on this page.&quot;,&quot;minimize_box&quot;:&quot;yes&quot;,&quot;minimized_on&quot;:&quot;tablet&quot;,&quot;hierarchical_view&quot;:&quot;yes&quot;,&quot;min_height&quot;:{&quot;unit&quot;:&quot;px&quot;,&quot;size&quot;:&quot;&quot;,&quot;sizes&quot;:[]},&quot;min_height_tablet&quot;:{&quot;unit&quot;:&quot;px&quot;,&quot;size&quot;:&quot;&quot;,&quot;sizes&quot;:[]},&quot;min_height_mobile&quot;:{&quot;unit&quot;:&quot;px&quot;,&quot;size&quot;:&quot;&quot;,&quot;sizes&quot;:[]}}\" data-widget_type=\"table-of-contents.default\">\n\t\t\t\t<div class=\"elementor-widget-container\">\n\t\t\t\t\t\t\t<div class=\"elementor-toc__header\">\n\t\t\t<h4 class=\"elementor-toc__header-title\">\n\t\t\t\tLista de contenidos\t\t\t<\/h4>\n\t\t\t\t\t\t\t<div class=\"elementor-toc__toggle-button elementor-toc__toggle-button--expand\" role=\"button\" tabindex=\"0\" aria-controls=\"elementor-toc__73dea77\" aria-expanded=\"true\" aria-label=\"Open table of contents\"><i aria-hidden=\"true\" class=\"fas fa-chevron-down\"><\/i><\/div>\n\t\t\t\t<div class=\"elementor-toc__toggle-button elementor-toc__toggle-button--collapse\" role=\"button\" tabindex=\"0\" aria-controls=\"elementor-toc__73dea77\" aria-expanded=\"true\" aria-label=\"Close table of contents\"><i aria-hidden=\"true\" class=\"fas fa-chevron-up\"><\/i><\/div>\n\t\t\t\t\t<\/div>\n\t\t<div id=\"elementor-toc__73dea77\" class=\"elementor-toc__body\">\n\t\t\t<div class=\"elementor-toc__spinner-container\">\n\t\t\t\t<i class=\"elementor-toc__spinner eicon-animation-spin eicon-loading\" aria-hidden=\"true\"><\/i>\t\t\t<\/div>\n\t\t<\/div>\n\t\t\t\t\t\t<\/div>\n\t\t\t\t<\/div>\n\t\t\t\t\t<\/div>\n\t\t<\/div>\n\t\t\t\t\t<\/div>\n\t\t<\/section>\n\t\t\t\t<section class=\"elementor-section elementor-top-section elementor-element elementor-element-87b03a6 elementor-section-boxed elementor-section-height-default elementor-section-height-default\" data-id=\"87b03a6\" data-element_type=\"section\">\n\t\t\t\t\t\t<div class=\"elementor-container elementor-column-gap-default\">\n\t\t\t\t\t<div class=\"elementor-column elementor-col-100 elementor-top-column elementor-element elementor-element-8d7f66c\" data-id=\"8d7f66c\" data-element_type=\"column\">\n\t\t\t<div class=\"elementor-widget-wrap elementor-element-populated\">\n\t\t\t\t\t\t<div class=\"elementor-element elementor-element-6cee7b7 elementor-widget elementor-widget-heading\" data-id=\"6cee7b7\" data-element_type=\"widget\" data-widget_type=\"heading.default\">\n\t\t\t\t<div class=\"elementor-widget-container\">\n\t\t\t\t\t<h2 class=\"elementor-heading-title elementor-size-default\">S\u00e8rie Cadaqu\u00e9s<\/h2>\t\t\t\t<\/div>\n\t\t\t\t<\/div>\n\t\t\t\t<div class=\"elementor-element elementor-element-d8972f8 elementor-widget elementor-widget-text-editor\" data-id=\"d8972f8\" data-element_type=\"widget\" data-widget_type=\"text-editor.default\">\n\t\t\t\t<div class=\"elementor-widget-container\">\n\t\t\t\t\t\t\t\t\t<p>Recuerdos y experiencias de juventud y madurez, donde se mezclan sensaciones, tactos, formas y colores. Colores naturales de tejido, como si de restos de cascarillas y fibras de plantas se tratara. Con colores crudo de hierbas secas en verano, junto al blanco de las casas de Cadaqu\u00e9s y el color negro de los muros de piedras secas que aguantan los bancales y configuran el paisaje del pueblo y del Cap de Creus.<\/p>\t\t\t\t\t\t\t\t<\/div>\n\t\t\t\t<\/div>\n\t\t\t\t<div class=\"elementor-element elementor-element-00e2a81 elementor-widget elementor-widget-image\" data-id=\"00e2a81\" data-element_type=\"widget\" data-widget_type=\"image.default\">\n\t\t\t\t<div class=\"elementor-widget-container\">\n\t\t\t\t\t\t\t\t\t\t\t\t\t\t\t<img fetchpriority=\"high\" decoding=\"async\" width=\"820\" height=\"1024\" src=\"https:\/\/www.annacarmona.com\/wp-content\/uploads\/2022\/09\/Cadaques4217n316e-820x1024.jpeg\" class=\"attachment-large size-large wp-image-132\" alt=\"Cadaqu\u00e9s 42\u00b017N 3\u00b016\u2019E\" srcset=\"https:\/\/www.annacarmona.com\/wp-content\/uploads\/2022\/09\/Cadaques4217n316e-820x1024.jpeg 820w, https:\/\/www.annacarmona.com\/wp-content\/uploads\/2022\/09\/Cadaques4217n316e-240x300.jpeg 240w, https:\/\/www.annacarmona.com\/wp-content\/uploads\/2022\/09\/Cadaques4217n316e-768x959.jpeg 768w, https:\/\/www.annacarmona.com\/wp-content\/uploads\/2022\/09\/Cadaques4217n316e-1230x1536.jpeg 1230w, https:\/\/www.annacarmona.com\/wp-content\/uploads\/2022\/09\/Cadaques4217n316e-1640x2048.jpeg 1640w, https:\/\/www.annacarmona.com\/wp-content\/uploads\/2022\/09\/Cadaques4217n316e-528x660.jpeg 528w\" sizes=\"(max-width: 820px) 100vw, 820px\" \/>\t\t\t\t\t\t\t\t\t\t\t\t\t\t\t<\/div>\n\t\t\t\t<\/div>\n\t\t\t\t<div class=\"elementor-element elementor-element-6cae3dc elementor-widget elementor-widget-text-editor\" data-id=\"6cae3dc\" data-element_type=\"widget\" data-widget_type=\"text-editor.default\">\n\t\t\t\t<div class=\"elementor-widget-container\">\n\t\t\t\t\t\t\t\t\t<p>\u00a0Cadaqu\u00e9s 42\u00b017N 3\u00b016\u2019E<br \/>37&#215;121 Algod\u00f3n-lino m\u00e1s t\u00e9cnica mixta<\/p>\t\t\t\t\t\t\t\t<\/div>\n\t\t\t\t<\/div>\n\t\t\t\t<div class=\"elementor-element elementor-element-70d0ea1 elementor-widget elementor-widget-image\" data-id=\"70d0ea1\" data-element_type=\"widget\" data-widget_type=\"image.default\">\n\t\t\t\t<div class=\"elementor-widget-container\">\n\t\t\t\t\t\t\t\t\t\t\t\t\t\t\t<img decoding=\"async\" width=\"1024\" height=\"819\" src=\"https:\/\/www.annacarmona.com\/wp-content\/uploads\/2022\/09\/Cadaques4217n317E-1024x819.jpeg\" class=\"attachment-large size-large wp-image-134\" alt=\"Cadaqu\u00e9s 42\u00b017\u2019N 3\u00b017\u2019E\" srcset=\"https:\/\/www.annacarmona.com\/wp-content\/uploads\/2022\/09\/Cadaques4217n317E-1024x819.jpeg 1024w, https:\/\/www.annacarmona.com\/wp-content\/uploads\/2022\/09\/Cadaques4217n317E-300x240.jpeg 300w, https:\/\/www.annacarmona.com\/wp-content\/uploads\/2022\/09\/Cadaques4217n317E-768x614.jpeg 768w, https:\/\/www.annacarmona.com\/wp-content\/uploads\/2022\/09\/Cadaques4217n317E-1536x1229.jpeg 1536w, https:\/\/www.annacarmona.com\/wp-content\/uploads\/2022\/09\/Cadaques4217n317E-825x660.jpeg 825w, https:\/\/www.annacarmona.com\/wp-content\/uploads\/2022\/09\/Cadaques4217n317E-226x180.jpeg 226w, https:\/\/www.annacarmona.com\/wp-content\/uploads\/2022\/09\/Cadaques4217n317E.jpeg 1581w\" sizes=\"(max-width: 1024px) 100vw, 1024px\" \/>\t\t\t\t\t\t\t\t\t\t\t\t\t\t\t<\/div>\n\t\t\t\t<\/div>\n\t\t\t\t<div class=\"elementor-element elementor-element-d49a5e9 elementor-widget elementor-widget-text-editor\" data-id=\"d49a5e9\" data-element_type=\"widget\" data-widget_type=\"text-editor.default\">\n\t\t\t\t<div class=\"elementor-widget-container\">\n\t\t\t\t\t\t\t\t\t<p><strong>Cadaqu\u00e9s 42\u00b017\u2019N 3\u00b017\u2019E\u00a0 <\/strong><\/p><p>138&#215;169 Algod\u00f3n-lino m\u00e1s t\u00e9cnica mixta<\/p>\t\t\t\t\t\t\t\t<\/div>\n\t\t\t\t<\/div>\n\t\t\t\t<div class=\"elementor-element elementor-element-85e1124 elementor-widget elementor-widget-image\" data-id=\"85e1124\" data-element_type=\"widget\" data-widget_type=\"image.default\">\n\t\t\t\t<div class=\"elementor-widget-container\">\n\t\t\t\t\t\t\t\t\t\t\t\t\t\t\t<img decoding=\"async\" width=\"819\" height=\"1024\" src=\"https:\/\/www.annacarmona.com\/wp-content\/uploads\/2022\/09\/Cadaques4217N318-819x1024.jpeg\" class=\"attachment-large size-large wp-image-135\" alt=\"Cadaqu\u00e9s 42\u00b017\u2019N 3\u00b018\u2019\" srcset=\"https:\/\/www.annacarmona.com\/wp-content\/uploads\/2022\/09\/Cadaques4217N318-819x1024.jpeg 819w, https:\/\/www.annacarmona.com\/wp-content\/uploads\/2022\/09\/Cadaques4217N318-240x300.jpeg 240w, https:\/\/www.annacarmona.com\/wp-content\/uploads\/2022\/09\/Cadaques4217N318-768x961.jpeg 768w, https:\/\/www.annacarmona.com\/wp-content\/uploads\/2022\/09\/Cadaques4217N318-1228x1536.jpeg 1228w, https:\/\/www.annacarmona.com\/wp-content\/uploads\/2022\/09\/Cadaques4217N318-1637x2048.jpeg 1637w, https:\/\/www.annacarmona.com\/wp-content\/uploads\/2022\/09\/Cadaques4217N318-528x660.jpeg 528w, https:\/\/www.annacarmona.com\/wp-content\/uploads\/2022\/09\/Cadaques4217N318.jpeg 1707w\" sizes=\"(max-width: 819px) 100vw, 819px\" \/>\t\t\t\t\t\t\t\t\t\t\t\t\t\t\t<\/div>\n\t\t\t\t<\/div>\n\t\t\t\t<div class=\"elementor-element elementor-element-e14be96 elementor-widget elementor-widget-text-editor\" data-id=\"e14be96\" data-element_type=\"widget\" data-widget_type=\"text-editor.default\">\n\t\t\t\t<div class=\"elementor-widget-container\">\n\t\t\t\t\t\t\t\t\t<p style=\"text-align: center;\"><strong>Cadaqu\u00e9s 42\u00b017\u2019N 3\u00b018\u2019<\/strong><\/p><p style=\"margin-bottom: 1.27273em; text-align: center;\">Algod\u00f3n-lino m\u00e1s t\u00e9cnica mixta<\/p>\t\t\t\t\t\t\t\t<\/div>\n\t\t\t\t<\/div>\n\t\t\t\t<div class=\"elementor-element elementor-element-69509e1 elementor-widget elementor-widget-image\" data-id=\"69509e1\" data-element_type=\"widget\" data-widget_type=\"image.default\">\n\t\t\t\t<div class=\"elementor-widget-container\">\n\t\t\t\t\t\t\t\t\t\t\t\t\t\t\t<img loading=\"lazy\" decoding=\"async\" width=\"821\" height=\"1024\" src=\"https:\/\/www.annacarmona.com\/wp-content\/uploads\/2022\/09\/Cadaques4217n317e-2-821x1024.jpeg\" class=\"attachment-large size-large wp-image-133\" alt=\"Cadaqu\u00e9s 42\u00b017\u2019N 3 19\u2019 E\" srcset=\"https:\/\/www.annacarmona.com\/wp-content\/uploads\/2022\/09\/Cadaques4217n317e-2-821x1024.jpeg 821w, https:\/\/www.annacarmona.com\/wp-content\/uploads\/2022\/09\/Cadaques4217n317e-2-240x300.jpeg 240w, https:\/\/www.annacarmona.com\/wp-content\/uploads\/2022\/09\/Cadaques4217n317e-2-768x958.jpeg 768w, https:\/\/www.annacarmona.com\/wp-content\/uploads\/2022\/09\/Cadaques4217n317e-2-1231x1536.jpeg 1231w, https:\/\/www.annacarmona.com\/wp-content\/uploads\/2022\/09\/Cadaques4217n317e-2-1641x2048.jpeg 1641w, https:\/\/www.annacarmona.com\/wp-content\/uploads\/2022\/09\/Cadaques4217n317e-2-529x660.jpeg 529w\" sizes=\"(max-width: 821px) 100vw, 821px\" \/>\t\t\t\t\t\t\t\t\t\t\t\t\t\t\t<\/div>\n\t\t\t\t<\/div>\n\t\t\t\t<div class=\"elementor-element elementor-element-687561c elementor-widget elementor-widget-text-editor\" data-id=\"687561c\" data-element_type=\"widget\" data-widget_type=\"text-editor.default\">\n\t\t\t\t<div class=\"elementor-widget-container\">\n\t\t\t\t\t\t\t\t\t<p style=\"margin-bottom: 1.27273em; text-align: center;\"><span style=\"font-weight: bold;\">Cadaqu\u00e9s 42\u00b017\u2019N 3\u00b017\u2019E\u00a0<\/span><\/p><p style=\"margin-bottom: 1.27273em; text-align: center;\">138&#215;169 Algod\u00f3n-lino m\u00e1s t\u00e9cnica mixta<\/p>\t\t\t\t\t\t\t\t<\/div>\n\t\t\t\t<\/div>\n\t\t\t\t\t<\/div>\n\t\t<\/div>\n\t\t\t\t\t<\/div>\n\t\t<\/section>\n\t\t\t\t<section class=\"elementor-section elementor-top-section elementor-element elementor-element-50a8e81 elementor-section-boxed elementor-section-height-default elementor-section-height-default\" data-id=\"50a8e81\" data-element_type=\"section\">\n\t\t\t\t\t\t<div class=\"elementor-container elementor-column-gap-default\">\n\t\t\t\t\t<div class=\"elementor-column elementor-col-100 elementor-top-column elementor-element elementor-element-7096742\" data-id=\"7096742\" data-element_type=\"column\">\n\t\t\t<div class=\"elementor-widget-wrap elementor-element-populated\">\n\t\t\t\t\t\t<div class=\"elementor-element elementor-element-e5d3878 elementor-widget elementor-widget-heading\" data-id=\"e5d3878\" data-element_type=\"widget\" data-widget_type=\"heading.default\">\n\t\t\t\t<div class=\"elementor-widget-container\">\n\t\t\t\t\t<h2 class=\"elementor-heading-title elementor-size-default\">S\u00e8rie Mosaic<\/h2>\t\t\t\t<\/div>\n\t\t\t\t<\/div>\n\t\t\t\t<div class=\"elementor-element elementor-element-a143606 elementor-widget elementor-widget-text-editor\" data-id=\"a143606\" data-element_type=\"widget\" data-widget_type=\"text-editor.default\">\n\t\t\t\t<div class=\"elementor-widget-container\">\n\t\t\t\t\t\t\t\t\t<p>Fruto de la b\u00fasqueda de conseguir tiras con formas geom\u00e9tricas en formato vertical nace la serie Mosaic. Utilizo el dorado en evocaci\u00f3n a la luz, al sol, ya los aprendizajes del dorado empleados en la t\u00e9cnica de la restauraci\u00f3n de muebles antiguos. Y el azul ultramar metalizado, por los reflejos del sol en el azul del mar.<\/p><p style=\"text-align: justify;\">\u00a0<\/p>\t\t\t\t\t\t\t\t<\/div>\n\t\t\t\t<\/div>\n\t\t\t\t<div class=\"elementor-element elementor-element-8ec19b9 elementor-widget elementor-widget-image\" data-id=\"8ec19b9\" data-element_type=\"widget\" data-widget_type=\"image.default\">\n\t\t\t\t<div class=\"elementor-widget-container\">\n\t\t\t\t\t\t\t\t\t\t\t\t\t\t\t<img loading=\"lazy\" decoding=\"async\" width=\"819\" height=\"1024\" src=\"https:\/\/www.annacarmona.com\/wp-content\/uploads\/2022\/09\/MosaicBlue2-819x1024.jpeg\" class=\"attachment-large size-large wp-image-140\" alt=\"Mosaic Blue 55x135\" srcset=\"https:\/\/www.annacarmona.com\/wp-content\/uploads\/2022\/09\/MosaicBlue2-819x1024.jpeg 819w, https:\/\/www.annacarmona.com\/wp-content\/uploads\/2022\/09\/MosaicBlue2-240x300.jpeg 240w, https:\/\/www.annacarmona.com\/wp-content\/uploads\/2022\/09\/MosaicBlue2-768x960.jpeg 768w, https:\/\/www.annacarmona.com\/wp-content\/uploads\/2022\/09\/MosaicBlue2-528x660.jpeg 528w, https:\/\/www.annacarmona.com\/wp-content\/uploads\/2022\/09\/MosaicBlue2.jpeg 1032w\" sizes=\"(max-width: 819px) 100vw, 819px\" \/>\t\t\t\t\t\t\t\t\t\t\t\t\t\t\t<\/div>\n\t\t\t\t<\/div>\n\t\t\t\t<div class=\"elementor-element elementor-element-f2581fb elementor-widget elementor-widget-text-editor\" data-id=\"f2581fb\" data-element_type=\"widget\" data-widget_type=\"text-editor.default\">\n\t\t\t\t<div class=\"elementor-widget-container\">\n\t\t\t\t\t\t\t\t\t<p style=\"margin-bottom: 1.27273em; text-align: center;\"><span style=\"font-weight: bold;\">Mosaic Blue\u00a0\u00a0<\/span><\/p><p style=\"margin-bottom: 1.27273em; text-align: center;\">55&#215;135 Algod\u00f3n-lino m\u00e1s t\u00e9cnica mixta<\/p>\t\t\t\t\t\t\t\t<\/div>\n\t\t\t\t<\/div>\n\t\t\t\t<div class=\"elementor-element elementor-element-9a4f43c elementor-widget elementor-widget-image\" data-id=\"9a4f43c\" data-element_type=\"widget\" data-widget_type=\"image.default\">\n\t\t\t\t<div class=\"elementor-widget-container\">\n\t\t\t\t\t\t\t\t\t\t\t\t\t\t\t<img loading=\"lazy\" decoding=\"async\" width=\"820\" height=\"1024\" src=\"https:\/\/www.annacarmona.com\/wp-content\/uploads\/2022\/09\/MosaicGold-820x1024.jpeg\" class=\"attachment-large size-large wp-image-141\" alt=\"Mosaic Gold 80x160 cm.\" srcset=\"https:\/\/www.annacarmona.com\/wp-content\/uploads\/2022\/09\/MosaicGold-820x1024.jpeg 820w, https:\/\/www.annacarmona.com\/wp-content\/uploads\/2022\/09\/MosaicGold-240x300.jpeg 240w, https:\/\/www.annacarmona.com\/wp-content\/uploads\/2022\/09\/MosaicGold-768x959.jpeg 768w, https:\/\/www.annacarmona.com\/wp-content\/uploads\/2022\/09\/MosaicGold-1230x1536.jpeg 1230w, https:\/\/www.annacarmona.com\/wp-content\/uploads\/2022\/09\/MosaicGold-1640x2048.jpeg 1640w, https:\/\/www.annacarmona.com\/wp-content\/uploads\/2022\/09\/MosaicGold-528x660.jpeg 528w\" sizes=\"(max-width: 820px) 100vw, 820px\" \/>\t\t\t\t\t\t\t\t\t\t\t\t\t\t\t<\/div>\n\t\t\t\t<\/div>\n\t\t\t\t<div class=\"elementor-element elementor-element-0539dcd elementor-widget elementor-widget-text-editor\" data-id=\"0539dcd\" data-element_type=\"widget\" data-widget_type=\"text-editor.default\">\n\t\t\t\t<div class=\"elementor-widget-container\">\n\t\t\t\t\t\t\t\t\t<p style=\"margin-bottom: 1.27273em; text-align: center;\"><span style=\"font-weight: bold;\">Mosaic Gold\u00a0<\/span><\/p><p style=\"margin-bottom: 1.27273em; text-align: center;\">80&#215;160 cm. Algod\u00f3n-lino m\u00e1s t\u00e9cnica mixta<\/p>\t\t\t\t\t\t\t\t<\/div>\n\t\t\t\t<\/div>\n\t\t\t\t\t<\/div>\n\t\t<\/div>\n\t\t\t\t\t<\/div>\n\t\t<\/section>\n\t\t\t\t<section class=\"elementor-section elementor-top-section elementor-element elementor-element-1cba630 elementor-section-boxed elementor-section-height-default elementor-section-height-default\" data-id=\"1cba630\" data-element_type=\"section\">\n\t\t\t\t\t\t<div class=\"elementor-container elementor-column-gap-default\">\n\t\t\t\t\t<div class=\"elementor-column elementor-col-100 elementor-top-column elementor-element elementor-element-e801e17\" data-id=\"e801e17\" data-element_type=\"column\">\n\t\t\t<div class=\"elementor-widget-wrap elementor-element-populated\">\n\t\t\t\t\t\t<div class=\"elementor-element elementor-element-4ca1a77 elementor-widget elementor-widget-heading\" data-id=\"4ca1a77\" data-element_type=\"widget\" data-widget_type=\"heading.default\">\n\t\t\t\t<div class=\"elementor-widget-container\">\n\t\t\t\t\t<h2 class=\"elementor-heading-title elementor-size-default\">S\u00e8rie Serrells<\/h2>\t\t\t\t<\/div>\n\t\t\t\t<\/div>\n\t\t\t\t<div class=\"elementor-element elementor-element-bc5309c elementor-widget elementor-widget-text-editor\" data-id=\"bc5309c\" data-element_type=\"widget\" data-widget_type=\"text-editor.default\">\n\t\t\t\t<div class=\"elementor-widget-container\">\n\t\t\t\t\t\t\t\t\t<p>La serie Serrells, parte del uso de la tela arpillera de yute y de las diferentes posibilidades que ofrece en los m\u00faltiples desfiles. De esta acci\u00f3n resultan cayentes, flecos, hilos descolgados que transforman la estructura del tejido en partes m\u00e1s comprimidas y otras vac\u00edas. En esta serie, se repiten los colores blancos, crudo, dorados y negro. El Negro del color de las rocas al atardecer, pero tambi\u00e9n de elegancia, seducci\u00f3n y sofisticaci\u00f3n de la noche.<\/p>\t\t\t\t\t\t\t\t<\/div>\n\t\t\t\t<\/div>\n\t\t\t\t<div class=\"elementor-element elementor-element-a227182 elementor-widget elementor-widget-image\" data-id=\"a227182\" data-element_type=\"widget\" data-widget_type=\"image.default\">\n\t\t\t\t<div class=\"elementor-widget-container\">\n\t\t\t\t\t\t\t\t\t\t\t\t\t\t\t<img loading=\"lazy\" decoding=\"async\" width=\"819\" height=\"1024\" src=\"https:\/\/www.annacarmona.com\/wp-content\/uploads\/2022\/09\/SerrellsSeductors-819x1024.jpeg\" class=\"attachment-large size-large wp-image-150\" alt=\"Serrells Seductors\" srcset=\"https:\/\/www.annacarmona.com\/wp-content\/uploads\/2022\/09\/SerrellsSeductors-819x1024.jpeg 819w, https:\/\/www.annacarmona.com\/wp-content\/uploads\/2022\/09\/SerrellsSeductors-240x300.jpeg 240w, https:\/\/www.annacarmona.com\/wp-content\/uploads\/2022\/09\/SerrellsSeductors-768x961.jpeg 768w, https:\/\/www.annacarmona.com\/wp-content\/uploads\/2022\/09\/SerrellsSeductors-1228x1536.jpeg 1228w, https:\/\/www.annacarmona.com\/wp-content\/uploads\/2022\/09\/SerrellsSeductors-1637x2048.jpeg 1637w, https:\/\/www.annacarmona.com\/wp-content\/uploads\/2022\/09\/SerrellsSeductors-528x660.jpeg 528w, https:\/\/www.annacarmona.com\/wp-content\/uploads\/2022\/09\/SerrellsSeductors.jpeg 1976w\" sizes=\"(max-width: 819px) 100vw, 819px\" \/>\t\t\t\t\t\t\t\t\t\t\t\t\t\t\t<\/div>\n\t\t\t\t<\/div>\n\t\t\t\t<div class=\"elementor-element elementor-element-c5207bb elementor-widget elementor-widget-text-editor\" data-id=\"c5207bb\" data-element_type=\"widget\" data-widget_type=\"text-editor.default\">\n\t\t\t\t<div class=\"elementor-widget-container\">\n\t\t\t\t\t\t\t\t\t<p><strong>Serrells Seductors \u00a0<\/strong><\/p><p>55&#215;65 cm. Yute y t\u00e9cnica mixta<\/p>\t\t\t\t\t\t\t\t<\/div>\n\t\t\t\t<\/div>\n\t\t\t\t<div class=\"elementor-element elementor-element-02a362c elementor-widget elementor-widget-image\" data-id=\"02a362c\" data-element_type=\"widget\" data-widget_type=\"image.default\">\n\t\t\t\t<div class=\"elementor-widget-container\">\n\t\t\t\t\t\t\t\t\t\t\t\t\t\t\t<img loading=\"lazy\" decoding=\"async\" width=\"819\" height=\"1024\" src=\"https:\/\/www.annacarmona.com\/wp-content\/uploads\/2022\/09\/SerrellsDeSolBrillant-819x1024.jpg\" class=\"attachment-large size-large wp-image-148\" alt=\"Serrells de Sol brillant\" srcset=\"https:\/\/www.annacarmona.com\/wp-content\/uploads\/2022\/09\/SerrellsDeSolBrillant-819x1024.jpg 819w, https:\/\/www.annacarmona.com\/wp-content\/uploads\/2022\/09\/SerrellsDeSolBrillant-240x300.jpg 240w, https:\/\/www.annacarmona.com\/wp-content\/uploads\/2022\/09\/SerrellsDeSolBrillant-768x960.jpg 768w, https:\/\/www.annacarmona.com\/wp-content\/uploads\/2022\/09\/SerrellsDeSolBrillant-1229x1536.jpg 1229w, https:\/\/www.annacarmona.com\/wp-content\/uploads\/2022\/09\/SerrellsDeSolBrillant-1638x2048.jpg 1638w, https:\/\/www.annacarmona.com\/wp-content\/uploads\/2022\/09\/SerrellsDeSolBrillant-528x660.jpg 528w, https:\/\/www.annacarmona.com\/wp-content\/uploads\/2022\/09\/SerrellsDeSolBrillant-scaled.jpg 2048w\" sizes=\"(max-width: 819px) 100vw, 819px\" \/>\t\t\t\t\t\t\t\t\t\t\t\t\t\t\t<\/div>\n\t\t\t\t<\/div>\n\t\t\t\t<div class=\"elementor-element elementor-element-fbfb6e7 elementor-widget elementor-widget-text-editor\" data-id=\"fbfb6e7\" data-element_type=\"widget\" data-widget_type=\"text-editor.default\">\n\t\t\t\t<div class=\"elementor-widget-container\">\n\t\t\t\t\t\t\t\t\t<p><strong>Serrells de Sol brillant\u00a0\u00a0<\/strong><\/p><p>96 cm. Yute y t\u00e9cnica mixta<\/p>\t\t\t\t\t\t\t\t<\/div>\n\t\t\t\t<\/div>\n\t\t\t\t<div class=\"elementor-element elementor-element-36f1b39 elementor-widget elementor-widget-image\" data-id=\"36f1b39\" data-element_type=\"widget\" data-widget_type=\"image.default\">\n\t\t\t\t<div class=\"elementor-widget-container\">\n\t\t\t\t\t\t\t\t\t\t\t\t\t\t\t<img loading=\"lazy\" decoding=\"async\" width=\"819\" height=\"1024\" src=\"https:\/\/www.annacarmona.com\/wp-content\/uploads\/2022\/09\/SerrelsDePerlaSalvatge-819x1024.jpeg\" class=\"attachment-large size-large wp-image-152\" alt=\"Serrells de Perla Salvatge\" srcset=\"https:\/\/www.annacarmona.com\/wp-content\/uploads\/2022\/09\/SerrelsDePerlaSalvatge-819x1024.jpeg 819w, https:\/\/www.annacarmona.com\/wp-content\/uploads\/2022\/09\/SerrelsDePerlaSalvatge-240x300.jpeg 240w, https:\/\/www.annacarmona.com\/wp-content\/uploads\/2022\/09\/SerrelsDePerlaSalvatge-768x961.jpeg 768w, https:\/\/www.annacarmona.com\/wp-content\/uploads\/2022\/09\/SerrelsDePerlaSalvatge-528x660.jpeg 528w, https:\/\/www.annacarmona.com\/wp-content\/uploads\/2022\/09\/SerrelsDePerlaSalvatge.jpeg 957w\" sizes=\"(max-width: 819px) 100vw, 819px\" \/>\t\t\t\t\t\t\t\t\t\t\t\t\t\t\t<\/div>\n\t\t\t\t<\/div>\n\t\t\t\t<div class=\"elementor-element elementor-element-160401b elementor-widget elementor-widget-text-editor\" data-id=\"160401b\" data-element_type=\"widget\" data-widget_type=\"text-editor.default\">\n\t\t\t\t<div class=\"elementor-widget-container\">\n\t\t\t\t\t\t\t\t\t<p><strong>Serrells de Perla salvatge\u00a0<\/strong><\/p><p>70&#215;135 cm. Yute y t\u00e9cnica mixta<\/p>\t\t\t\t\t\t\t\t<\/div>\n\t\t\t\t<\/div>\n\t\t\t\t<div class=\"elementor-element elementor-element-60f90e8 elementor-widget elementor-widget-image\" data-id=\"60f90e8\" data-element_type=\"widget\" data-widget_type=\"image.default\">\n\t\t\t\t<div class=\"elementor-widget-container\">\n\t\t\t\t\t\t\t\t\t\t\t\t\t\t\t<img loading=\"lazy\" decoding=\"async\" width=\"819\" height=\"1024\" src=\"https:\/\/www.annacarmona.com\/wp-content\/uploads\/2022\/09\/SerrellsSofisticats-819x1024.jpeg\" class=\"attachment-large size-large wp-image-151\" alt=\"Serrells Sofisticats\" srcset=\"https:\/\/www.annacarmona.com\/wp-content\/uploads\/2022\/09\/SerrellsSofisticats-819x1024.jpeg 819w, https:\/\/www.annacarmona.com\/wp-content\/uploads\/2022\/09\/SerrellsSofisticats-240x300.jpeg 240w, https:\/\/www.annacarmona.com\/wp-content\/uploads\/2022\/09\/SerrellsSofisticats-768x961.jpeg 768w, https:\/\/www.annacarmona.com\/wp-content\/uploads\/2022\/09\/SerrellsSofisticats-1228x1536.jpeg 1228w, https:\/\/www.annacarmona.com\/wp-content\/uploads\/2022\/09\/SerrellsSofisticats-1637x2048.jpeg 1637w, https:\/\/www.annacarmona.com\/wp-content\/uploads\/2022\/09\/SerrellsSofisticats-528x660.jpeg 528w, https:\/\/www.annacarmona.com\/wp-content\/uploads\/2022\/09\/SerrellsSofisticats.jpeg 1707w\" sizes=\"(max-width: 819px) 100vw, 819px\" \/>\t\t\t\t\t\t\t\t\t\t\t\t\t\t\t<\/div>\n\t\t\t\t<\/div>\n\t\t\t\t<div class=\"elementor-element elementor-element-a50817a elementor-widget elementor-widget-text-editor\" data-id=\"a50817a\" data-element_type=\"widget\" data-widget_type=\"text-editor.default\">\n\t\t\t\t<div class=\"elementor-widget-container\">\n\t\t\t\t\t\t\t\t\t<p><strong>Serrells Sofisticats\u00a0<\/strong><\/p><p>90&#215;155 cm. Yute y t\u00e9cnica mixta<\/p>\t\t\t\t\t\t\t\t<\/div>\n\t\t\t\t<\/div>\n\t\t\t\t<div class=\"elementor-element elementor-element-15b34ba elementor-widget elementor-widget-image\" data-id=\"15b34ba\" data-element_type=\"widget\" data-widget_type=\"image.default\">\n\t\t\t\t<div class=\"elementor-widget-container\">\n\t\t\t\t\t\t\t\t\t\t\t\t\t\t\t<img loading=\"lazy\" decoding=\"async\" width=\"235\" height=\"417\" src=\"https:\/\/www.annacarmona.com\/wp-content\/uploads\/2022\/07\/Serrells-dAlba.png\" class=\"attachment-large size-large wp-image-43\" alt=\"\" srcset=\"https:\/\/www.annacarmona.com\/wp-content\/uploads\/2022\/07\/Serrells-dAlba.png 235w, https:\/\/www.annacarmona.com\/wp-content\/uploads\/2022\/07\/Serrells-dAlba-169x300.png 169w\" sizes=\"(max-width: 235px) 100vw, 235px\" \/>\t\t\t\t\t\t\t\t\t\t\t\t\t\t\t<\/div>\n\t\t\t\t<\/div>\n\t\t\t\t<div class=\"elementor-element elementor-element-0589296 elementor-widget elementor-widget-text-editor\" data-id=\"0589296\" data-element_type=\"widget\" data-widget_type=\"text-editor.default\">\n\t\t\t\t<div class=\"elementor-widget-container\">\n\t\t\t\t\t\t\t\t\t<p><strong>Serrells d\u2019Alba<\/strong>\u00a0<\/p><p>105&#215;155 cm. Yute y t\u00e9cnica mixta<\/p>\t\t\t\t\t\t\t\t<\/div>\n\t\t\t\t<\/div>\n\t\t\t\t<div class=\"elementor-element elementor-element-8a92e73 elementor-widget elementor-widget-image\" data-id=\"8a92e73\" data-element_type=\"widget\" data-widget_type=\"image.default\">\n\t\t\t\t<div class=\"elementor-widget-container\">\n\t\t\t\t\t\t\t\t\t\t\t\t\t\t\t<img loading=\"lazy\" decoding=\"async\" width=\"819\" height=\"1024\" src=\"https:\/\/www.annacarmona.com\/wp-content\/uploads\/2022\/09\/SerrelsDeSolPonent-819x1024.jpeg\" class=\"attachment-large size-large wp-image-131\" alt=\"Serrells de Sol ponent\" srcset=\"https:\/\/www.annacarmona.com\/wp-content\/uploads\/2022\/09\/SerrelsDeSolPonent-819x1024.jpeg 819w, https:\/\/www.annacarmona.com\/wp-content\/uploads\/2022\/09\/SerrelsDeSolPonent-240x300.jpeg 240w, https:\/\/www.annacarmona.com\/wp-content\/uploads\/2022\/09\/SerrelsDeSolPonent-768x960.jpeg 768w, https:\/\/www.annacarmona.com\/wp-content\/uploads\/2022\/09\/SerrelsDeSolPonent-528x660.jpeg 528w, https:\/\/www.annacarmona.com\/wp-content\/uploads\/2022\/09\/SerrelsDeSolPonent.jpeg 1181w\" sizes=\"(max-width: 819px) 100vw, 819px\" \/>\t\t\t\t\t\t\t\t\t\t\t\t\t\t\t<\/div>\n\t\t\t\t<\/div>\n\t\t\t\t<div class=\"elementor-element elementor-element-65c549d elementor-widget elementor-widget-text-editor\" data-id=\"65c549d\" data-element_type=\"widget\" data-widget_type=\"text-editor.default\">\n\t\t\t\t<div class=\"elementor-widget-container\">\n\t\t\t\t\t\t\t\t\t<p><strong>Serrells de Sol ponent\u00a0\u00a0<\/strong><\/p><p>77&#215;155 cm. Yute y t\u00e9cnica mixta<\/p>\t\t\t\t\t\t\t\t<\/div>\n\t\t\t\t<\/div>\n\t\t\t\t<div class=\"elementor-element elementor-element-761fe93 elementor-widget elementor-widget-image\" data-id=\"761fe93\" data-element_type=\"widget\" data-widget_type=\"image.default\">\n\t\t\t\t<div class=\"elementor-widget-container\">\n\t\t\t\t\t\t\t\t\t\t\t\t\t\t\t<img loading=\"lazy\" decoding=\"async\" width=\"819\" height=\"1024\" src=\"https:\/\/www.annacarmona.com\/wp-content\/uploads\/2022\/09\/SerrellsElegancia-819x1024.jpeg\" class=\"attachment-large size-large wp-image-149\" alt=\"Serrells d\u2019Eleg\u00e0ncia\" srcset=\"https:\/\/www.annacarmona.com\/wp-content\/uploads\/2022\/09\/SerrellsElegancia-819x1024.jpeg 819w, https:\/\/www.annacarmona.com\/wp-content\/uploads\/2022\/09\/SerrellsElegancia-240x300.jpeg 240w, https:\/\/www.annacarmona.com\/wp-content\/uploads\/2022\/09\/SerrellsElegancia-768x960.jpeg 768w, https:\/\/www.annacarmona.com\/wp-content\/uploads\/2022\/09\/SerrellsElegancia-1229x1536.jpeg 1229w, https:\/\/www.annacarmona.com\/wp-content\/uploads\/2022\/09\/SerrellsElegancia-1638x2048.jpeg 1638w, https:\/\/www.annacarmona.com\/wp-content\/uploads\/2022\/09\/SerrellsElegancia-528x660.jpeg 528w, https:\/\/www.annacarmona.com\/wp-content\/uploads\/2022\/09\/SerrellsElegancia.jpeg 1707w\" sizes=\"(max-width: 819px) 100vw, 819px\" \/>\t\t\t\t\t\t\t\t\t\t\t\t\t\t\t<\/div>\n\t\t\t\t<\/div>\n\t\t\t\t<div class=\"elementor-element elementor-element-d65a218 elementor-widget elementor-widget-text-editor\" data-id=\"d65a218\" data-element_type=\"widget\" data-widget_type=\"text-editor.default\">\n\t\t\t\t<div class=\"elementor-widget-container\">\n\t\t\t\t\t\t\t\t\t<p><strong>Serrells d\u2019Eleg\u00e0ncia\u00a0<\/strong><\/p><p>140&#215;170 cm. Yute y t\u00e9cnica mixta<\/p>\t\t\t\t\t\t\t\t<\/div>\n\t\t\t\t<\/div>\n\t\t\t\t\t<\/div>\n\t\t<\/div>\n\t\t\t\t\t<\/div>\n\t\t<\/section>\n\t\t\t\t<section class=\"elementor-section elementor-top-section elementor-element elementor-element-3d21a01 elementor-section-boxed elementor-section-height-default elementor-section-height-default\" data-id=\"3d21a01\" data-element_type=\"section\">\n\t\t\t\t\t\t<div class=\"elementor-container elementor-column-gap-default\">\n\t\t\t\t\t<div class=\"elementor-column elementor-col-100 elementor-top-column elementor-element elementor-element-6639731\" data-id=\"6639731\" data-element_type=\"column\">\n\t\t\t<div class=\"elementor-widget-wrap elementor-element-populated\">\n\t\t\t\t\t\t<div class=\"elementor-element elementor-element-079382b elementor-widget elementor-widget-heading\" data-id=\"079382b\" data-element_type=\"widget\" data-widget_type=\"heading.default\">\n\t\t\t\t<div class=\"elementor-widget-container\">\n\t\t\t\t\t<h2 class=\"elementor-heading-title elementor-size-default\">S\u00e8rie Ciutat<\/h2>\t\t\t\t<\/div>\n\t\t\t\t<\/div>\n\t\t\t\t<div class=\"elementor-element elementor-element-d4ad036 elementor-widget elementor-widget-text-editor\" data-id=\"d4ad036\" data-element_type=\"widget\" data-widget_type=\"text-editor.default\">\n\t\t\t\t<div class=\"elementor-widget-container\">\n\t\t\t\t\t\t\t\t\t<p>La muerte de Ricardo Bofill hace rememorar sus obras. Vol\u00famenes y geometr\u00edas arquitect\u00f3nicas. Edificios monocrom\u00e1ticos. De la F\u00e1brica a La Catedral. Arcos. Su obra me impulsa a trasladar geometr\u00edas arquitect\u00f3nicas al tejido. Nace la serie Gerona.<br \/>Los colores de la serie Girona son b\u00e1sicamente el natural, el blanco, el \u00f3xido de hierro viejo, el Siena, el azul marino y el negro. Todos ellos rememoran a cada paso, la huella de la historia, y me permiten introducir una paleta de colores m\u00e1s variada uniendo claramente de d\u00f3nde vengo y lo que me identifica en el presente.<\/p>\t\t\t\t\t\t\t\t<\/div>\n\t\t\t\t<\/div>\n\t\t\t\t<div class=\"elementor-element elementor-element-e8a9a87 elementor-widget elementor-widget-image\" data-id=\"e8a9a87\" data-element_type=\"widget\" data-widget_type=\"image.default\">\n\t\t\t\t<div class=\"elementor-widget-container\">\n\t\t\t\t\t\t\t\t\t\t\t\t\t\t\t<img loading=\"lazy\" decoding=\"async\" width=\"894\" height=\"1024\" src=\"https:\/\/www.annacarmona.com\/wp-content\/uploads\/2022\/09\/Girona4159N249E-2-894x1024.jpeg\" class=\"attachment-large size-large wp-image-136\" alt=\"Girona 41\u00b059\u2019N 2\u00b049\u201938\u201dE Girona 41\u00b059\u2019 N 2\u00b049\u201939\u201dE\" srcset=\"https:\/\/www.annacarmona.com\/wp-content\/uploads\/2022\/09\/Girona4159N249E-2-894x1024.jpeg 894w, https:\/\/www.annacarmona.com\/wp-content\/uploads\/2022\/09\/Girona4159N249E-2-262x300.jpeg 262w, https:\/\/www.annacarmona.com\/wp-content\/uploads\/2022\/09\/Girona4159N249E-2-768x879.jpeg 768w, https:\/\/www.annacarmona.com\/wp-content\/uploads\/2022\/09\/Girona4159N249E-2-1341x1536.jpeg 1341w, https:\/\/www.annacarmona.com\/wp-content\/uploads\/2022\/09\/Girona4159N249E-2-1789x2048.jpeg 1789w, https:\/\/www.annacarmona.com\/wp-content\/uploads\/2022\/09\/Girona4159N249E-2-576x660.jpeg 576w\" sizes=\"(max-width: 894px) 100vw, 894px\" \/>\t\t\t\t\t\t\t\t\t\t\t\t\t\t\t<\/div>\n\t\t\t\t<\/div>\n\t\t\t\t<div class=\"elementor-element elementor-element-8e3f8b6 elementor-widget elementor-widget-text-editor\" data-id=\"8e3f8b6\" data-element_type=\"widget\" data-widget_type=\"text-editor.default\">\n\t\t\t\t<div class=\"elementor-widget-container\">\n\t\t\t\t\t\t\t\t\t<p class=\"MsoNormal\" style=\"text-align: center;\"><b>Girona 41\u00b059\u2019N 2\u00b049\u201938\u201dE<\/b>\u00a0 31&#215;93 cm. Algod\u00f3n-lino m\u00e1s t\u00e9cnica mixta<\/p><p class=\"MsoNormal\" style=\"text-align: center;\"><b style=\"text-align: justify; color: var( --e-global-color-text ); font-family: var( --e-global-typography-text-font-family ), Sans-serif; font-size: 1.125rem;\">Girona 41\u00b059\u2019 N 2\u00b049\u201939\u201dE<\/b><span style=\"text-align: justify; color: var( --e-global-color-text ); font-family: var( --e-global-typography-text-font-family ), Sans-serif; font-weight: var( --e-global-typography-text-font-weight ); font-size: 1.125rem;\">\u00a0 33&#215;73 cm. Algod\u00f3n-lino m\u00e1s t\u00e9cnica mixta<\/span><\/p>\t\t\t\t\t\t\t\t<\/div>\n\t\t\t\t<\/div>\n\t\t\t\t<div class=\"elementor-element elementor-element-b17d01a elementor-widget elementor-widget-image\" data-id=\"b17d01a\" data-element_type=\"widget\" data-widget_type=\"image.default\">\n\t\t\t\t<div class=\"elementor-widget-container\">\n\t\t\t\t\t\t\t\t\t\t\t\t\t\t\t<img loading=\"lazy\" decoding=\"async\" width=\"820\" height=\"1024\" src=\"https:\/\/www.annacarmona.com\/wp-content\/uploads\/2022\/09\/Girona4159N249E-820x1024.jpeg\" class=\"attachment-large size-large wp-image-137\" alt=\"Girona 41\u00b059\u2019 N 2\u00b049\u2019E Girona 41\u00b059\u2019N 2\u00b049\u201933\u201dE\" srcset=\"https:\/\/www.annacarmona.com\/wp-content\/uploads\/2022\/09\/Girona4159N249E-820x1024.jpeg 820w, https:\/\/www.annacarmona.com\/wp-content\/uploads\/2022\/09\/Girona4159N249E-240x300.jpeg 240w, https:\/\/www.annacarmona.com\/wp-content\/uploads\/2022\/09\/Girona4159N249E-768x959.jpeg 768w, https:\/\/www.annacarmona.com\/wp-content\/uploads\/2022\/09\/Girona4159N249E-1230x1536.jpeg 1230w, https:\/\/www.annacarmona.com\/wp-content\/uploads\/2022\/09\/Girona4159N249E-1640x2048.jpeg 1640w, https:\/\/www.annacarmona.com\/wp-content\/uploads\/2022\/09\/Girona4159N249E-528x660.jpeg 528w, https:\/\/www.annacarmona.com\/wp-content\/uploads\/2022\/09\/Girona4159N249E.jpeg 1965w\" sizes=\"(max-width: 820px) 100vw, 820px\" \/>\t\t\t\t\t\t\t\t\t\t\t\t\t\t\t<\/div>\n\t\t\t\t<\/div>\n\t\t\t\t<div class=\"elementor-element elementor-element-9ac5cb4 elementor-widget elementor-widget-text-editor\" data-id=\"9ac5cb4\" data-element_type=\"widget\" data-widget_type=\"text-editor.default\">\n\t\t\t\t<div class=\"elementor-widget-container\">\n\t\t\t\t\t\t\t\t\t<p class=\"MsoNormal\"><b>Girona 41\u00b059\u2019 N 2\u00b049\u2019E<\/b>\u00a0 33&#215;73 cm. Algod\u00f3n-lino m\u00e1s t\u00e9cnica mixta<\/p><p class=\"MsoNormal\"><b style=\"text-align: justify; color: var( --e-global-color-text ); font-family: var( --e-global-typography-text-font-family ), Sans-serif; font-size: 1.125rem;\">Girona 41\u00b059\u2019N 2\u00b049\u201933\u201dE<\/b><span style=\"text-align: justify; color: var( --e-global-color-text ); font-family: var( --e-global-typography-text-font-family ), Sans-serif; font-weight: var( --e-global-typography-text-font-weight ); font-size: 1.125rem;\">\u00a0 31&#215;93 cm. Algod\u00f3n-lino m\u00e1s t\u00e9cnica mixta<\/span><\/p>\t\t\t\t\t\t\t\t<\/div>\n\t\t\t\t<\/div>\n\t\t\t\t<div class=\"elementor-element elementor-element-3c1e6e2 elementor-widget elementor-widget-image\" data-id=\"3c1e6e2\" data-element_type=\"widget\" data-widget_type=\"image.default\">\n\t\t\t\t<div class=\"elementor-widget-container\">\n\t\t\t\t\t\t\t\t\t\t\t\t\t\t\t<img loading=\"lazy\" decoding=\"async\" width=\"819\" height=\"1024\" src=\"https:\/\/www.annacarmona.com\/wp-content\/uploads\/2023\/10\/1662823707298-01_edited-819x1024.jpeg\" class=\"attachment-large size-large wp-image-968\" alt=\"\" srcset=\"https:\/\/www.annacarmona.com\/wp-content\/uploads\/2023\/10\/1662823707298-01_edited-819x1024.jpeg 819w, https:\/\/www.annacarmona.com\/wp-content\/uploads\/2023\/10\/1662823707298-01_edited-240x300.jpeg 240w, https:\/\/www.annacarmona.com\/wp-content\/uploads\/2023\/10\/1662823707298-01_edited-768x960.jpeg 768w, https:\/\/www.annacarmona.com\/wp-content\/uploads\/2023\/10\/1662823707298-01_edited-1228x1536.jpeg 1228w, https:\/\/www.annacarmona.com\/wp-content\/uploads\/2023\/10\/1662823707298-01_edited-1638x2048.jpeg 1638w, https:\/\/www.annacarmona.com\/wp-content\/uploads\/2023\/10\/1662823707298-01_edited-scaled.jpeg 2047w\" sizes=\"(max-width: 819px) 100vw, 819px\" \/>\t\t\t\t\t\t\t\t\t\t\t\t\t\t\t<\/div>\n\t\t\t\t<\/div>\n\t\t\t\t<div class=\"elementor-element elementor-element-0ee0555 elementor-widget elementor-widget-text-editor\" data-id=\"0ee0555\" data-element_type=\"widget\" data-widget_type=\"text-editor.default\">\n\t\t\t\t<div class=\"elementor-widget-container\">\n\t\t\t\t\t\t\t\t\t<p><strong>Riu Onyar i Ter\u00a0<\/strong><\/p><p>35x126cm. Algod\u00f3n-lino m\u00e1s t\u00e9cnica mixta<\/p>\t\t\t\t\t\t\t\t<\/div>\n\t\t\t\t<\/div>\n\t\t\t\t<div class=\"elementor-element elementor-element-27977a2 elementor-widget elementor-widget-image\" data-id=\"27977a2\" data-element_type=\"widget\" data-widget_type=\"image.default\">\n\t\t\t\t<div class=\"elementor-widget-container\">\n\t\t\t\t\t\t\t\t\t\t\t\t\t\t\t<img loading=\"lazy\" decoding=\"async\" width=\"819\" height=\"1024\" src=\"https:\/\/www.annacarmona.com\/wp-content\/uploads\/2022\/09\/GironaCiutatDeFerro-819x1024.jpeg\" class=\"attachment-large size-large wp-image-138\" alt=\"Girona ciutat de ferro\" srcset=\"https:\/\/www.annacarmona.com\/wp-content\/uploads\/2022\/09\/GironaCiutatDeFerro-819x1024.jpeg 819w, https:\/\/www.annacarmona.com\/wp-content\/uploads\/2022\/09\/GironaCiutatDeFerro-240x300.jpeg 240w, https:\/\/www.annacarmona.com\/wp-content\/uploads\/2022\/09\/GironaCiutatDeFerro-768x961.jpeg 768w, https:\/\/www.annacarmona.com\/wp-content\/uploads\/2022\/09\/GironaCiutatDeFerro-1228x1536.jpeg 1228w, https:\/\/www.annacarmona.com\/wp-content\/uploads\/2022\/09\/GironaCiutatDeFerro-1637x2048.jpeg 1637w, https:\/\/www.annacarmona.com\/wp-content\/uploads\/2022\/09\/GironaCiutatDeFerro-528x660.jpeg 528w, https:\/\/www.annacarmona.com\/wp-content\/uploads\/2022\/09\/GironaCiutatDeFerro.jpeg 1707w\" sizes=\"(max-width: 819px) 100vw, 819px\" \/>\t\t\t\t\t\t\t\t\t\t\t\t\t\t\t<\/div>\n\t\t\t\t<\/div>\n\t\t\t\t<div class=\"elementor-element elementor-element-cbc99dc elementor-widget elementor-widget-text-editor\" data-id=\"cbc99dc\" data-element_type=\"widget\" data-widget_type=\"text-editor.default\">\n\t\t\t\t<div class=\"elementor-widget-container\">\n\t\t\t\t\t\t\t\t\t<p><strong>Girona ciutat de ferro<\/strong>\u00a0<\/p><p>80x80cm. Algod\u00f3n-lino m\u00e1s t\u00e9cnica mixta<\/p>\t\t\t\t\t\t\t\t<\/div>\n\t\t\t\t<\/div>\n\t\t\t\t<div class=\"elementor-element elementor-element-99df20e elementor-widget elementor-widget-image\" data-id=\"99df20e\" data-element_type=\"widget\" data-widget_type=\"image.default\">\n\t\t\t\t<div class=\"elementor-widget-container\">\n\t\t\t\t\t\t\t\t\t\t\t\t\t\t\t<img loading=\"lazy\" decoding=\"async\" width=\"963\" height=\"1024\" src=\"https:\/\/www.annacarmona.com\/wp-content\/uploads\/2022\/09\/GironaCiutatDeRius-963x1024.jpeg\" class=\"attachment-large size-large wp-image-139\" alt=\"Girona ciutat de rius\" srcset=\"https:\/\/www.annacarmona.com\/wp-content\/uploads\/2022\/09\/GironaCiutatDeRius-963x1024.jpeg 963w, https:\/\/www.annacarmona.com\/wp-content\/uploads\/2022\/09\/GironaCiutatDeRius-282x300.jpeg 282w, https:\/\/www.annacarmona.com\/wp-content\/uploads\/2022\/09\/GironaCiutatDeRius-768x817.jpeg 768w, https:\/\/www.annacarmona.com\/wp-content\/uploads\/2022\/09\/GironaCiutatDeRius-1444x1536.jpeg 1444w, https:\/\/www.annacarmona.com\/wp-content\/uploads\/2022\/09\/GironaCiutatDeRius-1925x2048.jpeg 1925w, https:\/\/www.annacarmona.com\/wp-content\/uploads\/2022\/09\/GironaCiutatDeRius-620x660.jpeg 620w\" sizes=\"(max-width: 963px) 100vw, 963px\" \/>\t\t\t\t\t\t\t\t\t\t\t\t\t\t\t<\/div>\n\t\t\t\t<\/div>\n\t\t\t\t<div class=\"elementor-element elementor-element-bf20e7d elementor-widget elementor-widget-text-editor\" data-id=\"bf20e7d\" data-element_type=\"widget\" data-widget_type=\"text-editor.default\">\n\t\t\t\t<div class=\"elementor-widget-container\">\n\t\t\t\t\t\t\t\t\t<p><strong>Girona ciutat de rius<\/strong>\u00a0<\/p><p>112 cm . Algod\u00f3n-lino m\u00e1s t\u00e9cnica mixta<\/p>\t\t\t\t\t\t\t\t<\/div>\n\t\t\t\t<\/div>\n\t\t\t\t<div class=\"elementor-element elementor-element-2252d20 elementor-widget elementor-widget-image\" data-id=\"2252d20\" data-element_type=\"widget\" data-widget_type=\"image.default\">\n\t\t\t\t<div class=\"elementor-widget-container\">\n\t\t\t\t\t\t\t\t\t\t\t\t\t\t\t<img loading=\"lazy\" decoding=\"async\" width=\"819\" height=\"1024\" src=\"https:\/\/www.annacarmona.com\/wp-content\/uploads\/2022\/09\/PontsDePedra-819x1024.jpeg\" class=\"attachment-large size-large wp-image-146\" alt=\"Ponts de Pedra\" srcset=\"https:\/\/www.annacarmona.com\/wp-content\/uploads\/2022\/09\/PontsDePedra-819x1024.jpeg 819w, https:\/\/www.annacarmona.com\/wp-content\/uploads\/2022\/09\/PontsDePedra-240x300.jpeg 240w, https:\/\/www.annacarmona.com\/wp-content\/uploads\/2022\/09\/PontsDePedra-768x960.jpeg 768w, https:\/\/www.annacarmona.com\/wp-content\/uploads\/2022\/09\/PontsDePedra-1228x1536.jpeg 1228w, https:\/\/www.annacarmona.com\/wp-content\/uploads\/2022\/09\/PontsDePedra-1638x2048.jpeg 1638w, https:\/\/www.annacarmona.com\/wp-content\/uploads\/2022\/09\/PontsDePedra-528x660.jpeg 528w, https:\/\/www.annacarmona.com\/wp-content\/uploads\/2022\/09\/PontsDePedra.jpeg 1931w\" sizes=\"(max-width: 819px) 100vw, 819px\" \/>\t\t\t\t\t\t\t\t\t\t\t\t\t\t\t<\/div>\n\t\t\t\t<\/div>\n\t\t\t\t<div class=\"elementor-element elementor-element-87c98c3 elementor-widget elementor-widget-text-editor\" data-id=\"87c98c3\" data-element_type=\"widget\" data-widget_type=\"text-editor.default\">\n\t\t\t\t<div class=\"elementor-widget-container\">\n\t\t\t\t\t\t\t\t\t<p><strong>Ponts de Pedra<\/strong>\u00a0<\/p><p>60x60cm. Algod\u00f3n-lino m\u00e1s t\u00e9cnica mixta<\/p>\t\t\t\t\t\t\t\t<\/div>\n\t\t\t\t<\/div>\n\t\t\t\t\t<\/div>\n\t\t<\/div>\n\t\t\t\t\t<\/div>\n\t\t<\/section>\n\t\t\t\t<section class=\"elementor-section elementor-top-section elementor-element elementor-element-88bfcf3 elementor-section-boxed elementor-section-height-default elementor-section-height-default\" data-id=\"88bfcf3\" data-element_type=\"section\">\n\t\t\t\t\t\t<div class=\"elementor-container elementor-column-gap-default\">\n\t\t\t\t\t<div class=\"elementor-column elementor-col-100 elementor-top-column elementor-element elementor-element-553e5a9\" data-id=\"553e5a9\" data-element_type=\"column\">\n\t\t\t<div class=\"elementor-widget-wrap elementor-element-populated\">\n\t\t\t\t\t\t<div class=\"elementor-element elementor-element-dee51c0 elementor-widget elementor-widget-heading\" data-id=\"dee51c0\" data-element_type=\"widget\" data-widget_type=\"heading.default\">\n\t\t\t\t<div class=\"elementor-widget-container\">\n\t\t\t\t\t<h2 class=\"elementor-heading-title elementor-size-default\">S\u00e8rie Natura<\/h2>\t\t\t\t<\/div>\n\t\t\t\t<\/div>\n\t\t\t\t<div class=\"elementor-element elementor-element-057f731 elementor-widget elementor-widget-text-editor\" data-id=\"057f731\" data-element_type=\"widget\" data-widget_type=\"text-editor.default\">\n\t\t\t\t<div class=\"elementor-widget-container\">\n\t\t\t\t\t\t\t\t\t<p>En la b\u00fasqueda de materiales sostenibles y la firme voluntad de adecuar la pr\u00e1ctica art\u00edstica a un modelo de vida m\u00e1s sostenible, me llevan a trabajar con el Sisal y el Cuero. Actualmente, varios dise\u00f1adores e investigadores ponen en valor la fibra de sisal por sus propiedades de durabilidad y resistencia y como generaci\u00f3n de recursos econ\u00f3micos de las comunidades rurales que tradicionalmente cultivan y trabajan esa fibra. En el trabajo del cuero, utilizo residuos provenientes de las industrias del calzado y del mobiliario del autom\u00f3vil, dando una segunda vida a recortes y piezas defectuosas.<\/p>\t\t\t\t\t\t\t\t<\/div>\n\t\t\t\t<\/div>\n\t\t\t\t<div class=\"elementor-element elementor-element-eb54ce6 elementor-widget elementor-widget-image\" data-id=\"eb54ce6\" data-element_type=\"widget\" data-widget_type=\"image.default\">\n\t\t\t\t<div class=\"elementor-widget-container\">\n\t\t\t\t\t\t\t\t\t\t\t\t\t\t\t<img loading=\"lazy\" decoding=\"async\" width=\"819\" height=\"1024\" src=\"https:\/\/www.annacarmona.com\/wp-content\/uploads\/2022\/09\/NaturaEstiu-819x1024.jpeg\" class=\"attachment-large size-large wp-image-142\" alt=\"Natura d\u2019Estiu\" srcset=\"https:\/\/www.annacarmona.com\/wp-content\/uploads\/2022\/09\/NaturaEstiu-819x1024.jpeg 819w, https:\/\/www.annacarmona.com\/wp-content\/uploads\/2022\/09\/NaturaEstiu-240x300.jpeg 240w, https:\/\/www.annacarmona.com\/wp-content\/uploads\/2022\/09\/NaturaEstiu-768x960.jpeg 768w, https:\/\/www.annacarmona.com\/wp-content\/uploads\/2022\/09\/NaturaEstiu-1228x1536.jpeg 1228w, https:\/\/www.annacarmona.com\/wp-content\/uploads\/2022\/09\/NaturaEstiu-528x660.jpeg 528w, https:\/\/www.annacarmona.com\/wp-content\/uploads\/2022\/09\/NaturaEstiu.jpeg 1622w\" sizes=\"(max-width: 819px) 100vw, 819px\" \/>\t\t\t\t\t\t\t\t\t\t\t\t\t\t\t<\/div>\n\t\t\t\t<\/div>\n\t\t\t\t<div class=\"elementor-element elementor-element-29f53b8 elementor-widget elementor-widget-text-editor\" data-id=\"29f53b8\" data-element_type=\"widget\" data-widget_type=\"text-editor.default\">\n\t\t\t\t<div class=\"elementor-widget-container\">\n\t\t\t\t\t\t\t\t\t<p><strong>Natura d\u2019Estiu<\/strong>\u00a0<\/p><p>68&#215;68 cm. Sisal y Algod\u00f3n, algod\u00f3n-lino m\u00e1s t\u00e9cnica mixta<\/p>\t\t\t\t\t\t\t\t<\/div>\n\t\t\t\t<\/div>\n\t\t\t\t<div class=\"elementor-element elementor-element-07f1638 elementor-widget elementor-widget-image\" data-id=\"07f1638\" data-element_type=\"widget\" data-widget_type=\"image.default\">\n\t\t\t\t<div class=\"elementor-widget-container\">\n\t\t\t\t\t\t\t\t\t\t\t\t\t\t\t<img loading=\"lazy\" decoding=\"async\" width=\"1024\" height=\"819\" src=\"https:\/\/www.annacarmona.com\/wp-content\/uploads\/2022\/09\/NaturaEstiu2-1024x819.jpeg\" class=\"attachment-large size-large wp-image-143\" alt=\"Natura d\u2019Estiu\" srcset=\"https:\/\/www.annacarmona.com\/wp-content\/uploads\/2022\/09\/NaturaEstiu2-1024x819.jpeg 1024w, https:\/\/www.annacarmona.com\/wp-content\/uploads\/2022\/09\/NaturaEstiu2-300x240.jpeg 300w, https:\/\/www.annacarmona.com\/wp-content\/uploads\/2022\/09\/NaturaEstiu2-768x614.jpeg 768w, https:\/\/www.annacarmona.com\/wp-content\/uploads\/2022\/09\/NaturaEstiu2-1536x1228.jpeg 1536w, https:\/\/www.annacarmona.com\/wp-content\/uploads\/2022\/09\/NaturaEstiu2-2048x1637.jpeg 2048w, https:\/\/www.annacarmona.com\/wp-content\/uploads\/2022\/09\/NaturaEstiu2-826x660.jpeg 826w, https:\/\/www.annacarmona.com\/wp-content\/uploads\/2022\/09\/NaturaEstiu2-226x180.jpeg 226w\" sizes=\"(max-width: 1024px) 100vw, 1024px\" \/>\t\t\t\t\t\t\t\t\t\t\t\t\t\t\t<\/div>\n\t\t\t\t<\/div>\n\t\t\t\t<div class=\"elementor-element elementor-element-3c00642 elementor-widget elementor-widget-text-editor\" data-id=\"3c00642\" data-element_type=\"widget\" data-widget_type=\"text-editor.default\">\n\t\t\t\t<div class=\"elementor-widget-container\">\n\t\t\t\t\t\t\t\t\t<p><strong>Natura d\u2019Estiu<\/strong><\/p><p><b><br \/><\/b>135&#215;80 cm. Sisal y Algod\u00f3n, algod\u00f3n-lino m\u00e1s t\u00e9cnica mixta<\/p>\t\t\t\t\t\t\t\t<\/div>\n\t\t\t\t<\/div>\n\t\t\t\t<div class=\"elementor-element elementor-element-7fcedc8 elementor-widget elementor-widget-image\" data-id=\"7fcedc8\" data-element_type=\"widget\" data-widget_type=\"image.default\">\n\t\t\t\t<div class=\"elementor-widget-container\">\n\t\t\t\t\t\t\t\t\t\t\t\t\t\t\t<img loading=\"lazy\" decoding=\"async\" width=\"819\" height=\"1024\" src=\"https:\/\/www.annacarmona.com\/wp-content\/uploads\/2022\/09\/NaturaSalvatge-819x1024.jpeg\" class=\"attachment-large size-large wp-image-145\" alt=\"Natura Salvatge\" srcset=\"https:\/\/www.annacarmona.com\/wp-content\/uploads\/2022\/09\/NaturaSalvatge-819x1024.jpeg 819w, https:\/\/www.annacarmona.com\/wp-content\/uploads\/2022\/09\/NaturaSalvatge-240x300.jpeg 240w, https:\/\/www.annacarmona.com\/wp-content\/uploads\/2022\/09\/NaturaSalvatge-768x961.jpeg 768w, https:\/\/www.annacarmona.com\/wp-content\/uploads\/2022\/09\/NaturaSalvatge-1228x1536.jpeg 1228w, https:\/\/www.annacarmona.com\/wp-content\/uploads\/2022\/09\/NaturaSalvatge-1637x2048.jpeg 1637w, https:\/\/www.annacarmona.com\/wp-content\/uploads\/2022\/09\/NaturaSalvatge-528x660.jpeg 528w, https:\/\/www.annacarmona.com\/wp-content\/uploads\/2022\/09\/NaturaSalvatge-scaled.jpeg 2047w\" sizes=\"(max-width: 819px) 100vw, 819px\" \/>\t\t\t\t\t\t\t\t\t\t\t\t\t\t\t<\/div>\n\t\t\t\t<\/div>\n\t\t\t\t<div class=\"elementor-element elementor-element-41ffba0 elementor-widget elementor-widget-text-editor\" data-id=\"41ffba0\" data-element_type=\"widget\" data-widget_type=\"text-editor.default\">\n\t\t\t\t<div class=\"elementor-widget-container\">\n\t\t\t\t\t\t\t\t\t<p><strong>Natura Salvatge\u00a0<\/strong><\/p><p><span style=\"color: var( --e-global-color-text ); font-family: var( --e-global-typography-text-font-family ), Sans-serif; font-weight: var( --e-global-typography-text-font-weight ); font-size: 1.125rem;\">72x118cm. Algod\u00f3n, Jute y cuero<\/span><\/p>\t\t\t\t\t\t\t\t<\/div>\n\t\t\t\t<\/div>\n\t\t\t\t<div class=\"elementor-element elementor-element-073c0a7 elementor-widget elementor-widget-image\" data-id=\"073c0a7\" data-element_type=\"widget\" data-widget_type=\"image.default\">\n\t\t\t\t<div class=\"elementor-widget-container\">\n\t\t\t\t\t\t\t\t\t\t\t\t\t\t\t<img loading=\"lazy\" decoding=\"async\" width=\"820\" height=\"1024\" src=\"https:\/\/www.annacarmona.com\/wp-content\/uploads\/2022\/09\/NaturaGeometrica-820x1024.jpeg\" class=\"attachment-large size-large wp-image-144\" alt=\"Natura Geom\u00e8trica\" srcset=\"https:\/\/www.annacarmona.com\/wp-content\/uploads\/2022\/09\/NaturaGeometrica-820x1024.jpeg 820w, https:\/\/www.annacarmona.com\/wp-content\/uploads\/2022\/09\/NaturaGeometrica-240x300.jpeg 240w, https:\/\/www.annacarmona.com\/wp-content\/uploads\/2022\/09\/NaturaGeometrica-768x959.jpeg 768w, https:\/\/www.annacarmona.com\/wp-content\/uploads\/2022\/09\/NaturaGeometrica-1230x1536.jpeg 1230w, https:\/\/www.annacarmona.com\/wp-content\/uploads\/2022\/09\/NaturaGeometrica-1640x2048.jpeg 1640w, https:\/\/www.annacarmona.com\/wp-content\/uploads\/2022\/09\/NaturaGeometrica-528x660.jpeg 528w\" sizes=\"(max-width: 820px) 100vw, 820px\" \/>\t\t\t\t\t\t\t\t\t\t\t\t\t\t\t<\/div>\n\t\t\t\t<\/div>\n\t\t\t\t<div class=\"elementor-element elementor-element-f62f476 elementor-widget elementor-widget-text-editor\" data-id=\"f62f476\" data-element_type=\"widget\" data-widget_type=\"text-editor.default\">\n\t\t\t\t<div class=\"elementor-widget-container\">\n\t\t\t\t\t\t\t\t\t<p><strong>Natura Geom\u00e8trica<\/strong><\/p><p><b><br \/><\/b>81x153cm. Algod\u00f3n y cuero<\/p>\t\t\t\t\t\t\t\t<\/div>\n\t\t\t\t<\/div>\n\t\t\t\t\t<\/div>\n\t\t<\/div>\n\t\t\t\t\t<\/div>\n\t\t<\/section>\n\t\t\t\t<\/div>\n\t\t","protected":false},"excerpt":{"rendered":"<p>Lista de contenidos S\u00e8rie Cadaqu\u00e9s Recuerdos y experiencias de juventud y madurez, donde se mezclan sensaciones, tactos, formas y colores. Colores naturales de tejido, como si de restos de cascarillas y fibras de plantas se tratara. Con colores crudo de hierbas secas en verano, junto al blanco de las casas de Cadaqu\u00e9s y el color &hellip;<\/p>\n<p class=\"read-more\"> <a class=\"\" href=\"https:\/\/www.annacarmona.com\/?page_id=693\"> <span class=\"screen-reader-text\">Creaciones<\/span> Llegeix m\u00e9s &raquo;<\/a><\/p>\n","protected":false},"author":1,"featured_media":0,"parent":0,"menu_order":0,"comment_status":"closed","ping_status":"closed","template":"","meta":{"site-sidebar-layout":"no-sidebar","site-content-layout":"page-builder","ast-site-content-layout":"","site-content-style":"default","site-sidebar-style":"default","ast-global-header-display":"","ast-banner-title-visibility":"","ast-main-header-display":"","ast-hfb-above-header-display":"","ast-hfb-below-header-display":"","ast-hfb-mobile-header-display":"","site-post-title":"disabled","ast-breadcrumbs-content":"","ast-featured-img":"disabled","footer-sml-layout":"","theme-transparent-header-meta":"","adv-header-id-meta":"","stick-header-meta":"","header-above-stick-meta":"","header-main-stick-meta":"","header-below-stick-meta":"","astra-migrate-meta-layouts":"","ast-page-background-enabled":"default","ast-page-background-meta":{"desktop":{"background-color":"var(--ast-global-color-4)","background-image":"","background-repeat":"repeat","background-position":"center center","background-size":"auto","background-attachment":"scroll","background-type":"","background-media":"","overlay-type":"","overlay-color":"","overlay-gradient":""},"tablet":{"background-color":"","background-image":"","background-repeat":"repeat","background-position":"center center","background-size":"auto","background-attachment":"scroll","background-type":"","background-media":"","overlay-type":"","overlay-color":"","overlay-gradient":""},"mobile":{"background-color":"","background-image":"","background-repeat":"repeat","background-position":"center center","background-size":"auto","background-attachment":"scroll","background-type":"","background-media":"","overlay-type":"","overlay-color":"","overlay-gradient":""}},"ast-content-background-meta":{"desktop":{"background-color":"var(--ast-global-color-5)","background-image":"","background-repeat":"repeat","background-position":"center center","background-size":"auto","background-attachment":"scroll","background-type":"","background-media":"","overlay-type":"","overlay-color":"","overlay-gradient":""},"tablet":{"background-color":"var(--ast-global-color-5)","background-image":"","background-repeat":"repeat","background-position":"center center","background-size":"auto","background-attachment":"scroll","background-type":"","background-media":"","overlay-type":"","overlay-color":"","overlay-gradient":""},"mobile":{"background-color":"var(--ast-global-color-5)","background-image":"","background-repeat":"repeat","background-position":"center center","background-size":"auto","background-attachment":"scroll","background-type":"","background-media":"","overlay-type":"","overlay-color":"","overlay-gradient":""}},"footnotes":""},"class_list":["post-693","page","type-page","status-publish","hentry"],"lang":"es","translations":{"es":693,"ca":25,"en":695},"pll_sync_post":[],"_links":{"self":[{"href":"https:\/\/www.annacarmona.com\/index.php?rest_route=\/wp\/v2\/pages\/693","targetHints":{"allow":["GET"]}}],"collection":[{"href":"https:\/\/www.annacarmona.com\/index.php?rest_route=\/wp\/v2\/pages"}],"about":[{"href":"https:\/\/www.annacarmona.com\/index.php?rest_route=\/wp\/v2\/types\/page"}],"author":[{"embeddable":true,"href":"https:\/\/www.annacarmona.com\/index.php?rest_route=\/wp\/v2\/users\/1"}],"replies":[{"embeddable":true,"href":"https:\/\/www.annacarmona.com\/index.php?rest_route=%2Fwp%2Fv2%2Fcomments&post=693"}],"version-history":[{"count":37,"href":"https:\/\/www.annacarmona.com\/index.php?rest_route=\/wp\/v2\/pages\/693\/revisions"}],"predecessor-version":[{"id":972,"href":"https:\/\/www.annacarmona.com\/index.php?rest_route=\/wp\/v2\/pages\/693\/revisions\/972"}],"wp:attachment":[{"href":"https:\/\/www.annacarmona.com\/index.php?rest_route=%2Fwp%2Fv2%2Fmedia&parent=693"}],"curies":[{"name":"wp","href":"https:\/\/api.w.org\/{rel}","templated":true}]}}