{"id":63,"date":"2022-07-12T10:20:19","date_gmt":"2022-07-12T08:20:19","guid":{"rendered":"https:\/\/www.annacarmona.com\/?page_id=63"},"modified":"2023-08-16T10:37:50","modified_gmt":"2023-08-16T08:37:50","slug":"info","status":"publish","type":"page","link":"https:\/\/www.annacarmona.com\/?page_id=63","title":{"rendered":"Sobre mi"},"content":{"rendered":"\t\t<div data-elementor-type=\"wp-page\" data-elementor-id=\"63\" class=\"elementor elementor-63\" data-elementor-post-type=\"page\">\n\t\t\t\t\t\t<section class=\"elementor-section elementor-top-section elementor-element elementor-element-a4cb734 elementor-section-boxed elementor-section-height-default elementor-section-height-default\" data-id=\"a4cb734\" data-element_type=\"section\">\n\t\t\t\t\t\t<div class=\"elementor-container elementor-column-gap-default\">\n\t\t\t\t\t<div class=\"elementor-column elementor-col-100 elementor-top-column elementor-element elementor-element-5198211\" data-id=\"5198211\" data-element_type=\"column\">\n\t\t\t<div class=\"elementor-widget-wrap elementor-element-populated\">\n\t\t\t\t\t\t<div class=\"elementor-element elementor-element-f18b831 elementor-widget elementor-widget-text-editor\" data-id=\"f18b831\" data-element_type=\"widget\" data-widget_type=\"text-editor.default\">\n\t\t\t\t<div class=\"elementor-widget-container\">\n\t\t\t\t\t\t\t\t\t<p>BIOGRAFIA<\/p><p>Anna Carmona \u00e9s una artista nascuda a Girona, amb una gran projecci\u00f3 internacional. Durant la seva inf\u00e0ncia ha estat acompanyada de les hist\u00f2ries de vida de la seva \u00e0via, treballadora a les f\u00e0briques t\u00e8xtils de Sallent i Art\u00e9s, aix\u00ed com de teixits, fils, m\u00e0quines de cosir i de molta creativitat per part de la seva mare modista. Un passat que la marca i descobreix un art amb moltes possibilitats.<br \/>Inicia estudis de restauraci\u00f3 de mobles i policromia i continua amb incursions al m\u00f3n de la fusteria, talla i la t\u00e8cnica de la restauraci\u00f3. De forma progressiva es forma i experimenta en altres disciplines art\u00edstiques com el disseny de mobiliari amb planxa de metall i posteriorment s&#8217;introdueix al disseny t\u00e8xtil art\u00edstic.<br \/>Tots aquests coneixements els aplica i els posa en valor a trav\u00e9s del teixit i experimenta combinant les t\u00e8cniques apreses amb diferents materials i d\u00f3na forma a un llenguatge propi amb el que creix com a artista i com a persona inspirant-se amb obres d&#8217;artistes com Olga de Amaral, Jagoda Bui\u0107, Josep Grau-Garriga i Ricardo Bofill. Eclecticisme i descomposici\u00f3, experimentaci\u00f3 i luxe, constant transformaci\u00f3 i her\u00e8ncia familiar vinculada al teixit.<br \/>Actualment les seves creacions ja viuen a Madrid, Marbella, Par\u00eds, Londres, Las Vegas, Calif\u00f2rnia, Florida i Washington.<\/p><p>DECLARACI\u00d3 D\u2019ARTISTA<\/p><p>L\u2019Anna Carmona \u00e9s una artista que aplica diferents t\u00e8cniques, processos i materials als t\u00e8xtils i fibres. Deixa de banda el treball t\u00e8cnic basat en la repetici\u00f3, flueix per la indocilitat dels materials i experimenta amb total llibertat. Li apassiona transformar la mat\u00e8ria i aconseguir volums i textures diferents.<br \/>Entrella\u00e7a bagues tractades amb pigments, estucs o pa d&#8217;or, tots ells materials tradicionals i mundialment emprats des de l&#8217;antiguitat, amb altres de m\u00e9s moderns i sostenibles. I \u00e9s que l&#8217;inter\u00e8s personal i la voluntat ferma d&#8217;adequar la pr\u00e0ctica art\u00edstica a un model de vida m\u00e9s sostenible, es pot apreciar en les obres posteriors introduint materials reutilitzats, com el cuir i els teixits de qualitat, que provenen d&#8217;excedents i residus de diferents. sectors del disseny i la moda. I tamb\u00e9 busca donar protagonisme a la llana per totes les seves excel\u00b7lents propietats i potencial art\u00edstic.<br \/>Les seves s\u00e8ries s\u2019inspiren en paisatges, ciutats, arquitectura i la hist\u00f2ria de vida que l\u2019acompanyen. Records de joventut, vacances, emocions, paisatges compartits, el mar, feixes, murs de pedra, vegetaci\u00f3&#8230; Per\u00f2 tamb\u00e9 la ciutat, la m\u00fasica, la nit, la seva gent i les activitats culturals. La seva obra \u00e9s plena de Simbolisme, plecs, contorns, esquerdes, costures i barreges, evoquen aquests territoris i experi\u00e8ncies viscudes i ens convida a crear el nostre propi paisatge interior. I en la seva posterior s\u00e8rie \u201cNature\u201d pret\u00e9n donar valor als elements de la natura i elevar-los a obres d&#8217;art en reconeixement a la seva bellesa i a tot all\u00f2 que ens aporten en agra\u00efment i import\u00e0ncia a la seva exist\u00e8ncia i preservaci\u00f3.<br \/>Alhora, les seves creacions busquen influir en les emocions de l\u2019espectador a trav\u00e9s dels diferents sentits. Creacions monocrom\u00e0tiques, diferents textures t\u00e0ctils, formes geom\u00e8triques, arquitect\u00f2niques o org\u00e0niques, algunes m\u00f2bils que es poden variar a voluntat. Creacions art\u00edstiques que van m\u00e9s enll\u00e0 del que \u00e9s conceptual i la t\u00e8cnica i es caracteritzen, tamb\u00e9, per ser obres sensorials.<\/p>\t\t\t\t\t\t\t\t<\/div>\n\t\t\t\t<\/div>\n\t\t\t\t\t<\/div>\n\t\t<\/div>\n\t\t\t\t\t<\/div>\n\t\t<\/section>\n\t\t\t\t<\/div>\n\t\t","protected":false},"excerpt":{"rendered":"<p>BIOGRAFIA Anna Carmona \u00e9s una artista nascuda a Girona, amb una gran projecci\u00f3 internacional. Durant la seva inf\u00e0ncia ha estat acompanyada de les hist\u00f2ries de vida de la seva \u00e0via, treballadora a les f\u00e0briques t\u00e8xtils de Sallent i Art\u00e9s, aix\u00ed com de teixits, fils, m\u00e0quines de cosir i de molta creativitat per part de la &hellip;<\/p>\n<p class=\"read-more\"> <a class=\"\" href=\"https:\/\/www.annacarmona.com\/?page_id=63\"> <span class=\"screen-reader-text\">Sobre mi<\/span> Llegeix m\u00e9s &raquo;<\/a><\/p>\n","protected":false},"author":1,"featured_media":0,"parent":0,"menu_order":0,"comment_status":"closed","ping_status":"closed","template":"","meta":{"site-sidebar-layout":"no-sidebar","site-content-layout":"page-builder","ast-site-content-layout":"","site-content-style":"default","site-sidebar-style":"default","ast-global-header-display":"","ast-banner-title-visibility":"","ast-main-header-display":"","ast-hfb-above-header-display":"","ast-hfb-below-header-display":"","ast-hfb-mobile-header-display":"","site-post-title":"disabled","ast-breadcrumbs-content":"","ast-featured-img":"disabled","footer-sml-layout":"","theme-transparent-header-meta":"","adv-header-id-meta":"","stick-header-meta":"","header-above-stick-meta":"","header-main-stick-meta":"","header-below-stick-meta":"","astra-migrate-meta-layouts":"","ast-page-background-enabled":"default","ast-page-background-meta":{"desktop":{"background-color":"var(--ast-global-color-4)","background-image":"","background-repeat":"repeat","background-position":"center center","background-size":"auto","background-attachment":"scroll","background-type":"","background-media":"","overlay-type":"","overlay-color":"","overlay-gradient":""},"tablet":{"background-color":"","background-image":"","background-repeat":"repeat","background-position":"center center","background-size":"auto","background-attachment":"scroll","background-type":"","background-media":"","overlay-type":"","overlay-color":"","overlay-gradient":""},"mobile":{"background-color":"","background-image":"","background-repeat":"repeat","background-position":"center center","background-size":"auto","background-attachment":"scroll","background-type":"","background-media":"","overlay-type":"","overlay-color":"","overlay-gradient":""}},"ast-content-background-meta":{"desktop":{"background-color":"var(--ast-global-color-5)","background-image":"","background-repeat":"repeat","background-position":"center center","background-size":"auto","background-attachment":"scroll","background-type":"","background-media":"","overlay-type":"","overlay-color":"","overlay-gradient":""},"tablet":{"background-color":"var(--ast-global-color-5)","background-image":"","background-repeat":"repeat","background-position":"center center","background-size":"auto","background-attachment":"scroll","background-type":"","background-media":"","overlay-type":"","overlay-color":"","overlay-gradient":""},"mobile":{"background-color":"var(--ast-global-color-5)","background-image":"","background-repeat":"repeat","background-position":"center center","background-size":"auto","background-attachment":"scroll","background-type":"","background-media":"","overlay-type":"","overlay-color":"","overlay-gradient":""}},"footnotes":""},"class_list":["post-63","page","type-page","status-publish","hentry"],"lang":"ca","translations":{"ca":63,"es":684,"en":635},"pll_sync_post":[],"_links":{"self":[{"href":"https:\/\/www.annacarmona.com\/index.php?rest_route=\/wp\/v2\/pages\/63","targetHints":{"allow":["GET"]}}],"collection":[{"href":"https:\/\/www.annacarmona.com\/index.php?rest_route=\/wp\/v2\/pages"}],"about":[{"href":"https:\/\/www.annacarmona.com\/index.php?rest_route=\/wp\/v2\/types\/page"}],"author":[{"embeddable":true,"href":"https:\/\/www.annacarmona.com\/index.php?rest_route=\/wp\/v2\/users\/1"}],"replies":[{"embeddable":true,"href":"https:\/\/www.annacarmona.com\/index.php?rest_route=%2Fwp%2Fv2%2Fcomments&post=63"}],"version-history":[{"count":23,"href":"https:\/\/www.annacarmona.com\/index.php?rest_route=\/wp\/v2\/pages\/63\/revisions"}],"predecessor-version":[{"id":858,"href":"https:\/\/www.annacarmona.com\/index.php?rest_route=\/wp\/v2\/pages\/63\/revisions\/858"}],"wp:attachment":[{"href":"https:\/\/www.annacarmona.com\/index.php?rest_route=%2Fwp%2Fv2%2Fmedia&parent=63"}],"curies":[{"name":"wp","href":"https:\/\/api.w.org\/{rel}","templated":true}]}}