{"id":25,"date":"2022-07-12T09:29:57","date_gmt":"2022-07-12T08:29:57","guid":{"rendered":"https:\/\/www.annacarmona.com\/?page_id=25"},"modified":"2023-10-31T23:44:33","modified_gmt":"2023-10-31T21:44:33","slug":"creacions","status":"publish","type":"page","link":"https:\/\/www.annacarmona.com\/?page_id=25","title":{"rendered":"Creacions"},"content":{"rendered":"\t\t<div data-elementor-type=\"wp-page\" data-elementor-id=\"25\" class=\"elementor elementor-25\" data-elementor-post-type=\"page\">\n\t\t\t\t\t\t<section class=\"elementor-section elementor-top-section elementor-element elementor-element-a4cb734 elementor-section-boxed elementor-section-height-default elementor-section-height-default\" data-id=\"a4cb734\" data-element_type=\"section\">\n\t\t\t\t\t\t<div class=\"elementor-container elementor-column-gap-default\">\n\t\t\t\t\t<div class=\"elementor-column elementor-col-100 elementor-top-column elementor-element elementor-element-5198211\" data-id=\"5198211\" data-element_type=\"column\">\n\t\t\t<div class=\"elementor-widget-wrap elementor-element-populated\">\n\t\t\t\t\t\t<div class=\"elementor-element elementor-element-d344da6 elementor-toc--minimized-on-tablet elementor-widget elementor-widget-table-of-contents\" data-id=\"d344da6\" data-element_type=\"widget\" data-settings=\"{&quot;exclude_headings_by_selector&quot;:[],&quot;headings_by_tags&quot;:[&quot;h2&quot;],&quot;marker_view&quot;:&quot;bullets&quot;,&quot;icon&quot;:{&quot;value&quot;:&quot;fas fa-circle&quot;,&quot;library&quot;:&quot;fa-solid&quot;},&quot;no_headings_message&quot;:&quot;No headings were found on this page.&quot;,&quot;minimize_box&quot;:&quot;yes&quot;,&quot;minimized_on&quot;:&quot;tablet&quot;,&quot;hierarchical_view&quot;:&quot;yes&quot;,&quot;min_height&quot;:{&quot;unit&quot;:&quot;px&quot;,&quot;size&quot;:&quot;&quot;,&quot;sizes&quot;:[]},&quot;min_height_tablet&quot;:{&quot;unit&quot;:&quot;px&quot;,&quot;size&quot;:&quot;&quot;,&quot;sizes&quot;:[]},&quot;min_height_mobile&quot;:{&quot;unit&quot;:&quot;px&quot;,&quot;size&quot;:&quot;&quot;,&quot;sizes&quot;:[]}}\" data-widget_type=\"table-of-contents.default\">\n\t\t\t\t<div class=\"elementor-widget-container\">\n\t\t\t\t\t\t\t<div class=\"elementor-toc__header\">\n\t\t\t<h4 class=\"elementor-toc__header-title\">\n\t\t\t\tLListat de continguts\t\t\t<\/h4>\n\t\t\t\t\t\t\t<div class=\"elementor-toc__toggle-button elementor-toc__toggle-button--expand\" role=\"button\" tabindex=\"0\" aria-controls=\"elementor-toc__d344da6\" aria-expanded=\"true\" aria-label=\"Open table of contents\"><i aria-hidden=\"true\" class=\"fas fa-chevron-down\"><\/i><\/div>\n\t\t\t\t<div class=\"elementor-toc__toggle-button elementor-toc__toggle-button--collapse\" role=\"button\" tabindex=\"0\" aria-controls=\"elementor-toc__d344da6\" aria-expanded=\"true\" aria-label=\"Close table of contents\"><i aria-hidden=\"true\" class=\"fas fa-chevron-up\"><\/i><\/div>\n\t\t\t\t\t<\/div>\n\t\t<div id=\"elementor-toc__d344da6\" class=\"elementor-toc__body\">\n\t\t\t<div class=\"elementor-toc__spinner-container\">\n\t\t\t\t<i class=\"elementor-toc__spinner eicon-animation-spin eicon-loading\" aria-hidden=\"true\"><\/i>\t\t\t<\/div>\n\t\t<\/div>\n\t\t\t\t\t\t<\/div>\n\t\t\t\t<\/div>\n\t\t\t\t<div class=\"elementor-element elementor-element-95e1aa7 elementor-widget elementor-widget-heading\" data-id=\"95e1aa7\" data-element_type=\"widget\" data-widget_type=\"heading.default\">\n\t\t\t\t<div class=\"elementor-widget-container\">\n\t\t\t\t\t<h2 class=\"elementor-heading-title elementor-size-default\">S\u00e8rie Cadaqu\u00e9s<\/h2>\t\t\t\t<\/div>\n\t\t\t\t<\/div>\n\t\t\t\t<div class=\"elementor-element elementor-element-f18b831 elementor-widget elementor-widget-text-editor\" data-id=\"f18b831\" data-element_type=\"widget\" data-widget_type=\"text-editor.default\">\n\t\t\t\t<div class=\"elementor-widget-container\">\n\t\t\t\t\t\t\t\t\t<p>Records i experi\u00e8ncies de joventut i maduresa, on es barregen sensacions, tactes, formes i colors. Colors naturals de teixit, com si de restes de pellofes i fibres de plantes es tract\u00e9s. Amb colors cru d\u2019herbes seques a l\u2019estiu, al costat del blanc de les cases de Cadaqu\u00e9s i el color negre de ses murs de pedres seques que aguanten les feixes i configuren el paisatge del poble i del Cap de Creus.<\/p>\t\t\t\t\t\t\t\t<\/div>\n\t\t\t\t<\/div>\n\t\t\t\t\t<\/div>\n\t\t<\/div>\n\t\t\t\t\t<\/div>\n\t\t<\/section>\n\t\t\t\t<section class=\"elementor-section elementor-top-section elementor-element elementor-element-76c8342 elementor-section-boxed elementor-section-height-default elementor-section-height-default\" data-id=\"76c8342\" data-element_type=\"section\">\n\t\t\t\t\t\t<div class=\"elementor-container elementor-column-gap-default\">\n\t\t\t\t\t<div class=\"elementor-column elementor-col-100 elementor-top-column elementor-element elementor-element-5d8bdba\" data-id=\"5d8bdba\" data-element_type=\"column\">\n\t\t\t<div class=\"elementor-widget-wrap elementor-element-populated\">\n\t\t\t\t\t\t<div class=\"elementor-element elementor-element-892cf8e elementor-widget elementor-widget-image\" data-id=\"892cf8e\" data-element_type=\"widget\" data-widget_type=\"image.default\">\n\t\t\t\t<div class=\"elementor-widget-container\">\n\t\t\t\t\t\t\t\t\t\t\t\t\t\t\t<img fetchpriority=\"high\" decoding=\"async\" width=\"820\" height=\"1024\" src=\"https:\/\/www.annacarmona.com\/wp-content\/uploads\/2022\/09\/Cadaques4217n316e-820x1024.jpeg\" class=\"attachment-large size-large wp-image-132\" alt=\"Cadaqu\u00e9s 42\u00b017N 3\u00b016\u2019E\" srcset=\"https:\/\/www.annacarmona.com\/wp-content\/uploads\/2022\/09\/Cadaques4217n316e-820x1024.jpeg 820w, https:\/\/www.annacarmona.com\/wp-content\/uploads\/2022\/09\/Cadaques4217n316e-240x300.jpeg 240w, https:\/\/www.annacarmona.com\/wp-content\/uploads\/2022\/09\/Cadaques4217n316e-768x959.jpeg 768w, https:\/\/www.annacarmona.com\/wp-content\/uploads\/2022\/09\/Cadaques4217n316e-1230x1536.jpeg 1230w, https:\/\/www.annacarmona.com\/wp-content\/uploads\/2022\/09\/Cadaques4217n316e-1640x2048.jpeg 1640w, https:\/\/www.annacarmona.com\/wp-content\/uploads\/2022\/09\/Cadaques4217n316e-528x660.jpeg 528w\" sizes=\"(max-width: 820px) 100vw, 820px\" \/>\t\t\t\t\t\t\t\t\t\t\t\t\t\t\t<\/div>\n\t\t\t\t<\/div>\n\t\t\t\t<div class=\"elementor-element elementor-element-09d07e2 elementor-widget elementor-widget-text-editor\" data-id=\"09d07e2\" data-element_type=\"widget\" data-widget_type=\"text-editor.default\">\n\t\t\t\t<div class=\"elementor-widget-container\">\n\t\t\t\t\t\t\t\t\t<p>\u00a0Cadaqu\u00e9s 42\u00b017N 3\u00b016\u2019E<br \/>37&#215;121 Cot\u00f3 m\u00e9s t\u00e8cnica mixta<\/p>\t\t\t\t\t\t\t\t<\/div>\n\t\t\t\t<\/div>\n\t\t\t\t<div class=\"elementor-element elementor-element-17304da elementor-widget elementor-widget-image\" data-id=\"17304da\" data-element_type=\"widget\" data-widget_type=\"image.default\">\n\t\t\t\t<div class=\"elementor-widget-container\">\n\t\t\t\t\t\t\t\t\t\t\t\t\t\t\t<img decoding=\"async\" width=\"1024\" height=\"819\" src=\"https:\/\/www.annacarmona.com\/wp-content\/uploads\/2022\/09\/Cadaques4217n317E-1024x819.jpeg\" class=\"attachment-large size-large wp-image-134\" alt=\"Cadaqu\u00e9s 42\u00b017\u2019N 3\u00b017\u2019E\" srcset=\"https:\/\/www.annacarmona.com\/wp-content\/uploads\/2022\/09\/Cadaques4217n317E-1024x819.jpeg 1024w, https:\/\/www.annacarmona.com\/wp-content\/uploads\/2022\/09\/Cadaques4217n317E-300x240.jpeg 300w, https:\/\/www.annacarmona.com\/wp-content\/uploads\/2022\/09\/Cadaques4217n317E-768x614.jpeg 768w, https:\/\/www.annacarmona.com\/wp-content\/uploads\/2022\/09\/Cadaques4217n317E-1536x1229.jpeg 1536w, https:\/\/www.annacarmona.com\/wp-content\/uploads\/2022\/09\/Cadaques4217n317E-825x660.jpeg 825w, https:\/\/www.annacarmona.com\/wp-content\/uploads\/2022\/09\/Cadaques4217n317E-226x180.jpeg 226w, https:\/\/www.annacarmona.com\/wp-content\/uploads\/2022\/09\/Cadaques4217n317E.jpeg 1581w\" sizes=\"(max-width: 1024px) 100vw, 1024px\" \/>\t\t\t\t\t\t\t\t\t\t\t\t\t\t\t<\/div>\n\t\t\t\t<\/div>\n\t\t\t\t<div class=\"elementor-element elementor-element-4354da2 elementor-widget elementor-widget-text-editor\" data-id=\"4354da2\" data-element_type=\"widget\" data-widget_type=\"text-editor.default\">\n\t\t\t\t<div class=\"elementor-widget-container\">\n\t\t\t\t\t\t\t\t\t<p><strong>Cadaqu\u00e9s 42\u00b017\u2019N 3\u00b017\u2019E\u00a0 <\/strong><\/p><p>138&#215;169 Cot\u00f3-lli m\u00e9s t\u00e8cnica mixta<\/p>\t\t\t\t\t\t\t\t<\/div>\n\t\t\t\t<\/div>\n\t\t\t\t<div class=\"elementor-element elementor-element-f5ee88d elementor-widget elementor-widget-image\" data-id=\"f5ee88d\" data-element_type=\"widget\" data-widget_type=\"image.default\">\n\t\t\t\t<div class=\"elementor-widget-container\">\n\t\t\t\t\t\t\t\t\t\t\t\t\t\t\t<img decoding=\"async\" width=\"819\" height=\"1024\" src=\"https:\/\/www.annacarmona.com\/wp-content\/uploads\/2022\/09\/Cadaques4217N318-819x1024.jpeg\" class=\"attachment-large size-large wp-image-135\" alt=\"Cadaqu\u00e9s 42\u00b017\u2019N 3\u00b018\u2019\" srcset=\"https:\/\/www.annacarmona.com\/wp-content\/uploads\/2022\/09\/Cadaques4217N318-819x1024.jpeg 819w, https:\/\/www.annacarmona.com\/wp-content\/uploads\/2022\/09\/Cadaques4217N318-240x300.jpeg 240w, https:\/\/www.annacarmona.com\/wp-content\/uploads\/2022\/09\/Cadaques4217N318-768x961.jpeg 768w, https:\/\/www.annacarmona.com\/wp-content\/uploads\/2022\/09\/Cadaques4217N318-1228x1536.jpeg 1228w, https:\/\/www.annacarmona.com\/wp-content\/uploads\/2022\/09\/Cadaques4217N318-1637x2048.jpeg 1637w, https:\/\/www.annacarmona.com\/wp-content\/uploads\/2022\/09\/Cadaques4217N318-528x660.jpeg 528w, https:\/\/www.annacarmona.com\/wp-content\/uploads\/2022\/09\/Cadaques4217N318.jpeg 1707w\" sizes=\"(max-width: 819px) 100vw, 819px\" \/>\t\t\t\t\t\t\t\t\t\t\t\t\t\t\t<\/div>\n\t\t\t\t<\/div>\n\t\t\t\t<div class=\"elementor-element elementor-element-8b05bfb elementor-widget elementor-widget-text-editor\" data-id=\"8b05bfb\" data-element_type=\"widget\" data-widget_type=\"text-editor.default\">\n\t\t\t\t<div class=\"elementor-widget-container\">\n\t\t\t\t\t\t\t\t\t<p style=\"text-align: center;\"><strong>Cadaqu\u00e9s 42\u00b017\u2019N 3\u00b018\u2019<\/strong><\/p><p style=\"margin-bottom: 1.27273em; text-align: center;\">Cot\u00f3-lli m\u00e9s t\u00e8cnica mixta<\/p>\t\t\t\t\t\t\t\t<\/div>\n\t\t\t\t<\/div>\n\t\t\t\t<div class=\"elementor-element elementor-element-6d67a12 elementor-widget elementor-widget-image\" data-id=\"6d67a12\" data-element_type=\"widget\" data-widget_type=\"image.default\">\n\t\t\t\t<div class=\"elementor-widget-container\">\n\t\t\t\t\t\t\t\t\t\t\t\t\t\t\t<img loading=\"lazy\" decoding=\"async\" width=\"821\" height=\"1024\" src=\"https:\/\/www.annacarmona.com\/wp-content\/uploads\/2022\/09\/Cadaques4217n317e-2-821x1024.jpeg\" class=\"attachment-large size-large wp-image-133\" alt=\"Cadaqu\u00e9s 42\u00b017\u2019N 3 19\u2019 E\" srcset=\"https:\/\/www.annacarmona.com\/wp-content\/uploads\/2022\/09\/Cadaques4217n317e-2-821x1024.jpeg 821w, https:\/\/www.annacarmona.com\/wp-content\/uploads\/2022\/09\/Cadaques4217n317e-2-240x300.jpeg 240w, https:\/\/www.annacarmona.com\/wp-content\/uploads\/2022\/09\/Cadaques4217n317e-2-768x958.jpeg 768w, https:\/\/www.annacarmona.com\/wp-content\/uploads\/2022\/09\/Cadaques4217n317e-2-1231x1536.jpeg 1231w, https:\/\/www.annacarmona.com\/wp-content\/uploads\/2022\/09\/Cadaques4217n317e-2-1641x2048.jpeg 1641w, https:\/\/www.annacarmona.com\/wp-content\/uploads\/2022\/09\/Cadaques4217n317e-2-529x660.jpeg 529w\" sizes=\"(max-width: 821px) 100vw, 821px\" \/>\t\t\t\t\t\t\t\t\t\t\t\t\t\t\t<\/div>\n\t\t\t\t<\/div>\n\t\t\t\t<div class=\"elementor-element elementor-element-5117d78 elementor-widget elementor-widget-text-editor\" data-id=\"5117d78\" data-element_type=\"widget\" data-widget_type=\"text-editor.default\">\n\t\t\t\t<div class=\"elementor-widget-container\">\n\t\t\t\t\t\t\t\t\t<p style=\"margin-bottom: 1.27273em; text-align: center;\"><span style=\"font-weight: bold;\">Cadaqu\u00e9s 42\u00b017\u2019N 3\u00b017\u2019E\u00a0<\/span><\/p><p style=\"margin-bottom: 1.27273em; text-align: center;\">138&#215;169 Cot\u00f3-lli m\u00e9s t\u00e8cnica mixta<\/p>\t\t\t\t\t\t\t\t<\/div>\n\t\t\t\t<\/div>\n\t\t\t\t\t<\/div>\n\t\t<\/div>\n\t\t\t\t\t<\/div>\n\t\t<\/section>\n\t\t\t\t<section class=\"elementor-section elementor-top-section elementor-element elementor-element-fa7341a elementor-section-boxed elementor-section-height-default elementor-section-height-default\" data-id=\"fa7341a\" data-element_type=\"section\">\n\t\t\t\t\t\t<div class=\"elementor-container elementor-column-gap-default\">\n\t\t\t\t\t<div class=\"elementor-column elementor-col-100 elementor-top-column elementor-element elementor-element-a6df012\" data-id=\"a6df012\" data-element_type=\"column\">\n\t\t\t<div class=\"elementor-widget-wrap elementor-element-populated\">\n\t\t\t\t\t\t<div class=\"elementor-element elementor-element-85fc5db elementor-widget elementor-widget-heading\" data-id=\"85fc5db\" data-element_type=\"widget\" data-widget_type=\"heading.default\">\n\t\t\t\t<div class=\"elementor-widget-container\">\n\t\t\t\t\t<h2 class=\"elementor-heading-title elementor-size-default\">S\u00e8rie Mosaic<\/h2>\t\t\t\t<\/div>\n\t\t\t\t<\/div>\n\t\t\t\t<div class=\"elementor-element elementor-element-3ed6e30 elementor-widget elementor-widget-text-editor\" data-id=\"3ed6e30\" data-element_type=\"widget\" data-widget_type=\"text-editor.default\">\n\t\t\t\t<div class=\"elementor-widget-container\">\n\t\t\t\t\t\t\t\t\t<p><span style=\"text-align: justify; color: var( --e-global-color-text ); font-family: var( --e-global-typography-text-font-family ), Sans-serif; font-weight: var( --e-global-typography-text-font-weight ); font-size: 1.125rem;\">Fruit de la recerca d\u2019aconseguir tires amb formes geom\u00e8triques en format vertical neix la s\u00e8rie Mosaic. Utilitzo el daurat en evocaci\u00f3 a la llum, al sol, i als aprenentatges del daurat emprats en la t\u00e8cnica de la restauraci\u00f3 de mobles antics.<\/span><span style=\"text-align: justify; color: var( --e-global-color-text ); font-family: var( --e-global-typography-text-font-family ), Sans-serif; font-weight: var( --e-global-typography-text-font-weight ); font-size: 1.125rem;\">\u00a0 <\/span><span style=\"text-align: justify; color: var( --e-global-color-text ); font-family: var( --e-global-typography-text-font-family ), Sans-serif; font-weight: var( --e-global-typography-text-font-weight ); font-size: 1.125rem;\">I el blau ultramar metal\u00b7litzat, pels reflexes del sol al blau del mar.<\/span><\/p><p style=\"text-align: justify;\">\u00a0<\/p>\t\t\t\t\t\t\t\t<\/div>\n\t\t\t\t<\/div>\n\t\t\t\t<div class=\"elementor-element elementor-element-6360fd9 elementor-widget elementor-widget-image\" data-id=\"6360fd9\" data-element_type=\"widget\" data-widget_type=\"image.default\">\n\t\t\t\t<div class=\"elementor-widget-container\">\n\t\t\t\t\t\t\t\t\t\t\t\t\t\t\t<img loading=\"lazy\" decoding=\"async\" width=\"819\" height=\"1024\" src=\"https:\/\/www.annacarmona.com\/wp-content\/uploads\/2022\/09\/MosaicBlue2-819x1024.jpeg\" class=\"attachment-large size-large wp-image-140\" alt=\"Mosaic Blue 55x135\" srcset=\"https:\/\/www.annacarmona.com\/wp-content\/uploads\/2022\/09\/MosaicBlue2-819x1024.jpeg 819w, https:\/\/www.annacarmona.com\/wp-content\/uploads\/2022\/09\/MosaicBlue2-240x300.jpeg 240w, https:\/\/www.annacarmona.com\/wp-content\/uploads\/2022\/09\/MosaicBlue2-768x960.jpeg 768w, https:\/\/www.annacarmona.com\/wp-content\/uploads\/2022\/09\/MosaicBlue2-528x660.jpeg 528w, https:\/\/www.annacarmona.com\/wp-content\/uploads\/2022\/09\/MosaicBlue2.jpeg 1032w\" sizes=\"(max-width: 819px) 100vw, 819px\" \/>\t\t\t\t\t\t\t\t\t\t\t\t\t\t\t<\/div>\n\t\t\t\t<\/div>\n\t\t\t\t<div class=\"elementor-element elementor-element-b9efaac elementor-widget elementor-widget-text-editor\" data-id=\"b9efaac\" data-element_type=\"widget\" data-widget_type=\"text-editor.default\">\n\t\t\t\t<div class=\"elementor-widget-container\">\n\t\t\t\t\t\t\t\t\t<p style=\"margin-bottom: 1.27273em; text-align: center;\"><span style=\"font-weight: bold;\">Mosaic Blue\u00a0\u00a0<\/span><\/p><p style=\"margin-bottom: 1.27273em; text-align: center;\">55&#215;135 Cot\u00f3-lli m\u00e9s t\u00e8cnica mixta<\/p>\t\t\t\t\t\t\t\t<\/div>\n\t\t\t\t<\/div>\n\t\t\t\t<div class=\"elementor-element elementor-element-42bb7ae elementor-widget elementor-widget-image\" data-id=\"42bb7ae\" data-element_type=\"widget\" data-widget_type=\"image.default\">\n\t\t\t\t<div class=\"elementor-widget-container\">\n\t\t\t\t\t\t\t\t\t\t\t\t\t\t\t<img loading=\"lazy\" decoding=\"async\" width=\"820\" height=\"1024\" src=\"https:\/\/www.annacarmona.com\/wp-content\/uploads\/2022\/09\/MosaicGold-820x1024.jpeg\" class=\"attachment-large size-large wp-image-141\" alt=\"Mosaic Gold 80x160 cm.\" srcset=\"https:\/\/www.annacarmona.com\/wp-content\/uploads\/2022\/09\/MosaicGold-820x1024.jpeg 820w, https:\/\/www.annacarmona.com\/wp-content\/uploads\/2022\/09\/MosaicGold-240x300.jpeg 240w, https:\/\/www.annacarmona.com\/wp-content\/uploads\/2022\/09\/MosaicGold-768x959.jpeg 768w, https:\/\/www.annacarmona.com\/wp-content\/uploads\/2022\/09\/MosaicGold-1230x1536.jpeg 1230w, https:\/\/www.annacarmona.com\/wp-content\/uploads\/2022\/09\/MosaicGold-1640x2048.jpeg 1640w, https:\/\/www.annacarmona.com\/wp-content\/uploads\/2022\/09\/MosaicGold-528x660.jpeg 528w\" sizes=\"(max-width: 820px) 100vw, 820px\" \/>\t\t\t\t\t\t\t\t\t\t\t\t\t\t\t<\/div>\n\t\t\t\t<\/div>\n\t\t\t\t<div class=\"elementor-element elementor-element-6e6cb76 elementor-widget elementor-widget-text-editor\" data-id=\"6e6cb76\" data-element_type=\"widget\" data-widget_type=\"text-editor.default\">\n\t\t\t\t<div class=\"elementor-widget-container\">\n\t\t\t\t\t\t\t\t\t<p style=\"margin-bottom: 1.27273em; text-align: center;\"><span style=\"font-weight: bold;\">Mosaic Gold\u00a0<\/span><\/p><p style=\"margin-bottom: 1.27273em; text-align: center;\">80&#215;160 cm. Cot\u00f3-lli i t\u00e8cnica mixta<\/p>\t\t\t\t\t\t\t\t<\/div>\n\t\t\t\t<\/div>\n\t\t\t\t\t<\/div>\n\t\t<\/div>\n\t\t\t\t\t<\/div>\n\t\t<\/section>\n\t\t\t\t<section class=\"elementor-section elementor-top-section elementor-element elementor-element-20986c1 elementor-section-boxed elementor-section-height-default elementor-section-height-default\" data-id=\"20986c1\" data-element_type=\"section\">\n\t\t\t\t\t\t<div class=\"elementor-container elementor-column-gap-default\">\n\t\t\t\t\t<div class=\"elementor-column elementor-col-100 elementor-top-column elementor-element elementor-element-daa6f67\" data-id=\"daa6f67\" data-element_type=\"column\">\n\t\t\t<div class=\"elementor-widget-wrap elementor-element-populated\">\n\t\t\t\t\t\t<div class=\"elementor-element elementor-element-940de05 elementor-widget elementor-widget-heading\" data-id=\"940de05\" data-element_type=\"widget\" data-widget_type=\"heading.default\">\n\t\t\t\t<div class=\"elementor-widget-container\">\n\t\t\t\t\t<h2 class=\"elementor-heading-title elementor-size-default\">S\u00e8rie Serrells<\/h2>\t\t\t\t<\/div>\n\t\t\t\t<\/div>\n\t\t\t\t<div class=\"elementor-element elementor-element-ea080b9 elementor-widget elementor-widget-text-editor\" data-id=\"ea080b9\" data-element_type=\"widget\" data-widget_type=\"text-editor.default\">\n\t\t\t\t<div class=\"elementor-widget-container\">\n\t\t\t\t\t\t\t\t\t<p>La s\u00e8rie Serrells, parteix de l\u2019\u00fas de la tela xarpellera de jute i de les diferents possibilitats que ofereix en els m\u00faltiples desfilats. D\u2019aquesta acci\u00f3 en resulten caients, serrells, fils despenjats que transformen l\u2019estructura del teixit en parts m\u00e9s comprimides i altres de buides. En aquesta s\u00e8rie, es repeteixen els colors blancs, cru, daurats i negre. El Negre del color de les roques al capvespre, per\u00f2 tamb\u00e9 d\u2019eleg\u00e0ncia, seducci\u00f3 i sofisticaci\u00f3 de la nit<\/p>\t\t\t\t\t\t\t\t<\/div>\n\t\t\t\t<\/div>\n\t\t\t\t<div class=\"elementor-element elementor-element-545d2bc elementor-widget elementor-widget-image\" data-id=\"545d2bc\" data-element_type=\"widget\" data-widget_type=\"image.default\">\n\t\t\t\t<div class=\"elementor-widget-container\">\n\t\t\t\t\t\t\t\t\t\t\t\t\t\t\t<img loading=\"lazy\" decoding=\"async\" width=\"819\" height=\"1024\" src=\"https:\/\/www.annacarmona.com\/wp-content\/uploads\/2022\/09\/SerrellsSeductors-819x1024.jpeg\" class=\"attachment-large size-large wp-image-150\" alt=\"Serrells Seductors\" srcset=\"https:\/\/www.annacarmona.com\/wp-content\/uploads\/2022\/09\/SerrellsSeductors-819x1024.jpeg 819w, https:\/\/www.annacarmona.com\/wp-content\/uploads\/2022\/09\/SerrellsSeductors-240x300.jpeg 240w, https:\/\/www.annacarmona.com\/wp-content\/uploads\/2022\/09\/SerrellsSeductors-768x961.jpeg 768w, https:\/\/www.annacarmona.com\/wp-content\/uploads\/2022\/09\/SerrellsSeductors-1228x1536.jpeg 1228w, https:\/\/www.annacarmona.com\/wp-content\/uploads\/2022\/09\/SerrellsSeductors-1637x2048.jpeg 1637w, https:\/\/www.annacarmona.com\/wp-content\/uploads\/2022\/09\/SerrellsSeductors-528x660.jpeg 528w, https:\/\/www.annacarmona.com\/wp-content\/uploads\/2022\/09\/SerrellsSeductors.jpeg 1976w\" sizes=\"(max-width: 819px) 100vw, 819px\" \/>\t\t\t\t\t\t\t\t\t\t\t\t\t\t\t<\/div>\n\t\t\t\t<\/div>\n\t\t\t\t<div class=\"elementor-element elementor-element-4f66a50 elementor-widget elementor-widget-text-editor\" data-id=\"4f66a50\" data-element_type=\"widget\" data-widget_type=\"text-editor.default\">\n\t\t\t\t<div class=\"elementor-widget-container\">\n\t\t\t\t\t\t\t\t\t<p><strong>Serrells Seductors &nbsp;<\/strong><\/p><p>55&#215;65 cm.&nbsp; Jute i t\u00e8cnica mixta<\/p>\t\t\t\t\t\t\t\t<\/div>\n\t\t\t\t<\/div>\n\t\t\t\t<div class=\"elementor-element elementor-element-c76a70e elementor-widget elementor-widget-image\" data-id=\"c76a70e\" data-element_type=\"widget\" data-widget_type=\"image.default\">\n\t\t\t\t<div class=\"elementor-widget-container\">\n\t\t\t\t\t\t\t\t\t\t\t\t\t\t\t<img loading=\"lazy\" decoding=\"async\" width=\"819\" height=\"1024\" src=\"https:\/\/www.annacarmona.com\/wp-content\/uploads\/2022\/09\/SerrellsDeSolBrillant-819x1024.jpg\" class=\"attachment-large size-large wp-image-148\" alt=\"Serrells de Sol brillant\" srcset=\"https:\/\/www.annacarmona.com\/wp-content\/uploads\/2022\/09\/SerrellsDeSolBrillant-819x1024.jpg 819w, https:\/\/www.annacarmona.com\/wp-content\/uploads\/2022\/09\/SerrellsDeSolBrillant-240x300.jpg 240w, https:\/\/www.annacarmona.com\/wp-content\/uploads\/2022\/09\/SerrellsDeSolBrillant-768x960.jpg 768w, https:\/\/www.annacarmona.com\/wp-content\/uploads\/2022\/09\/SerrellsDeSolBrillant-1229x1536.jpg 1229w, https:\/\/www.annacarmona.com\/wp-content\/uploads\/2022\/09\/SerrellsDeSolBrillant-1638x2048.jpg 1638w, https:\/\/www.annacarmona.com\/wp-content\/uploads\/2022\/09\/SerrellsDeSolBrillant-528x660.jpg 528w, https:\/\/www.annacarmona.com\/wp-content\/uploads\/2022\/09\/SerrellsDeSolBrillant-scaled.jpg 2048w\" sizes=\"(max-width: 819px) 100vw, 819px\" \/>\t\t\t\t\t\t\t\t\t\t\t\t\t\t\t<\/div>\n\t\t\t\t<\/div>\n\t\t\t\t<div class=\"elementor-element elementor-element-0a23b89 elementor-widget elementor-widget-text-editor\" data-id=\"0a23b89\" data-element_type=\"widget\" data-widget_type=\"text-editor.default\">\n\t\t\t\t<div class=\"elementor-widget-container\">\n\t\t\t\t\t\t\t\t\t<p><strong>Serrells de Sol brillant\u00a0\u00a0<\/strong><\/p><p>96 cm. \u00a0Jute i t\u00e8cnica mixta<\/p>\t\t\t\t\t\t\t\t<\/div>\n\t\t\t\t<\/div>\n\t\t\t\t<div class=\"elementor-element elementor-element-200b60a elementor-widget elementor-widget-image\" data-id=\"200b60a\" data-element_type=\"widget\" data-widget_type=\"image.default\">\n\t\t\t\t<div class=\"elementor-widget-container\">\n\t\t\t\t\t\t\t\t\t\t\t\t\t\t\t<img loading=\"lazy\" decoding=\"async\" width=\"819\" height=\"1024\" src=\"https:\/\/www.annacarmona.com\/wp-content\/uploads\/2022\/09\/SerrelsDePerlaSalvatge-819x1024.jpeg\" class=\"attachment-large size-large wp-image-152\" alt=\"Serrells de Perla Salvatge\" srcset=\"https:\/\/www.annacarmona.com\/wp-content\/uploads\/2022\/09\/SerrelsDePerlaSalvatge-819x1024.jpeg 819w, https:\/\/www.annacarmona.com\/wp-content\/uploads\/2022\/09\/SerrelsDePerlaSalvatge-240x300.jpeg 240w, https:\/\/www.annacarmona.com\/wp-content\/uploads\/2022\/09\/SerrelsDePerlaSalvatge-768x961.jpeg 768w, https:\/\/www.annacarmona.com\/wp-content\/uploads\/2022\/09\/SerrelsDePerlaSalvatge-528x660.jpeg 528w, https:\/\/www.annacarmona.com\/wp-content\/uploads\/2022\/09\/SerrelsDePerlaSalvatge.jpeg 957w\" sizes=\"(max-width: 819px) 100vw, 819px\" \/>\t\t\t\t\t\t\t\t\t\t\t\t\t\t\t<\/div>\n\t\t\t\t<\/div>\n\t\t\t\t<div class=\"elementor-element elementor-element-f1de13c elementor-widget elementor-widget-text-editor\" data-id=\"f1de13c\" data-element_type=\"widget\" data-widget_type=\"text-editor.default\">\n\t\t\t\t<div class=\"elementor-widget-container\">\n\t\t\t\t\t\t\t\t\t<p><strong>Serrells de Perla salvatge\u00a0<\/strong><\/p><p>70&#215;135 cm. Jute i t\u00e8cnica mixta<\/p>\t\t\t\t\t\t\t\t<\/div>\n\t\t\t\t<\/div>\n\t\t\t\t<div class=\"elementor-element elementor-element-95b3917 elementor-widget elementor-widget-image\" data-id=\"95b3917\" data-element_type=\"widget\" data-widget_type=\"image.default\">\n\t\t\t\t<div class=\"elementor-widget-container\">\n\t\t\t\t\t\t\t\t\t\t\t\t\t\t\t<img loading=\"lazy\" decoding=\"async\" width=\"819\" height=\"1024\" src=\"https:\/\/www.annacarmona.com\/wp-content\/uploads\/2022\/09\/SerrellsSofisticats-819x1024.jpeg\" class=\"attachment-large size-large wp-image-151\" alt=\"Serrells Sofisticats\" srcset=\"https:\/\/www.annacarmona.com\/wp-content\/uploads\/2022\/09\/SerrellsSofisticats-819x1024.jpeg 819w, https:\/\/www.annacarmona.com\/wp-content\/uploads\/2022\/09\/SerrellsSofisticats-240x300.jpeg 240w, https:\/\/www.annacarmona.com\/wp-content\/uploads\/2022\/09\/SerrellsSofisticats-768x961.jpeg 768w, https:\/\/www.annacarmona.com\/wp-content\/uploads\/2022\/09\/SerrellsSofisticats-1228x1536.jpeg 1228w, https:\/\/www.annacarmona.com\/wp-content\/uploads\/2022\/09\/SerrellsSofisticats-1637x2048.jpeg 1637w, https:\/\/www.annacarmona.com\/wp-content\/uploads\/2022\/09\/SerrellsSofisticats-528x660.jpeg 528w, https:\/\/www.annacarmona.com\/wp-content\/uploads\/2022\/09\/SerrellsSofisticats.jpeg 1707w\" sizes=\"(max-width: 819px) 100vw, 819px\" \/>\t\t\t\t\t\t\t\t\t\t\t\t\t\t\t<\/div>\n\t\t\t\t<\/div>\n\t\t\t\t<div class=\"elementor-element elementor-element-39c1dda elementor-widget elementor-widget-text-editor\" data-id=\"39c1dda\" data-element_type=\"widget\" data-widget_type=\"text-editor.default\">\n\t\t\t\t<div class=\"elementor-widget-container\">\n\t\t\t\t\t\t\t\t\t<p><strong>Serrells Sofisticats\u00a0<\/strong><\/p><p>90&#215;155 cm. Jute i t\u00e8cnica mixta<\/p>\t\t\t\t\t\t\t\t<\/div>\n\t\t\t\t<\/div>\n\t\t\t\t<div class=\"elementor-element elementor-element-a3c89d9 elementor-widget elementor-widget-image\" data-id=\"a3c89d9\" data-element_type=\"widget\" data-widget_type=\"image.default\">\n\t\t\t\t<div class=\"elementor-widget-container\">\n\t\t\t\t\t\t\t\t\t\t\t\t\t\t\t<img loading=\"lazy\" decoding=\"async\" width=\"235\" height=\"417\" src=\"https:\/\/www.annacarmona.com\/wp-content\/uploads\/2022\/07\/Serrells-dAlba.png\" class=\"attachment-large size-large wp-image-43\" alt=\"\" srcset=\"https:\/\/www.annacarmona.com\/wp-content\/uploads\/2022\/07\/Serrells-dAlba.png 235w, https:\/\/www.annacarmona.com\/wp-content\/uploads\/2022\/07\/Serrells-dAlba-169x300.png 169w\" sizes=\"(max-width: 235px) 100vw, 235px\" \/>\t\t\t\t\t\t\t\t\t\t\t\t\t\t\t<\/div>\n\t\t\t\t<\/div>\n\t\t\t\t<div class=\"elementor-element elementor-element-e240cb6 elementor-widget elementor-widget-text-editor\" data-id=\"e240cb6\" data-element_type=\"widget\" data-widget_type=\"text-editor.default\">\n\t\t\t\t<div class=\"elementor-widget-container\">\n\t\t\t\t\t\t\t\t\t<p><strong>Serrells d\u2019Alba<\/strong>\u00a0<\/p><p>105&#215;155 cm. Jute i t\u00e8cnica mixta<\/p>\t\t\t\t\t\t\t\t<\/div>\n\t\t\t\t<\/div>\n\t\t\t\t<div class=\"elementor-element elementor-element-1728b7c elementor-widget elementor-widget-image\" data-id=\"1728b7c\" data-element_type=\"widget\" data-widget_type=\"image.default\">\n\t\t\t\t<div class=\"elementor-widget-container\">\n\t\t\t\t\t\t\t\t\t\t\t\t\t\t\t<img loading=\"lazy\" decoding=\"async\" width=\"819\" height=\"1024\" src=\"https:\/\/www.annacarmona.com\/wp-content\/uploads\/2022\/09\/SerrelsDeSolPonent-819x1024.jpeg\" class=\"attachment-large size-large wp-image-131\" alt=\"Serrells de Sol ponent\" srcset=\"https:\/\/www.annacarmona.com\/wp-content\/uploads\/2022\/09\/SerrelsDeSolPonent-819x1024.jpeg 819w, https:\/\/www.annacarmona.com\/wp-content\/uploads\/2022\/09\/SerrelsDeSolPonent-240x300.jpeg 240w, https:\/\/www.annacarmona.com\/wp-content\/uploads\/2022\/09\/SerrelsDeSolPonent-768x960.jpeg 768w, https:\/\/www.annacarmona.com\/wp-content\/uploads\/2022\/09\/SerrelsDeSolPonent-528x660.jpeg 528w, https:\/\/www.annacarmona.com\/wp-content\/uploads\/2022\/09\/SerrelsDeSolPonent.jpeg 1181w\" sizes=\"(max-width: 819px) 100vw, 819px\" \/>\t\t\t\t\t\t\t\t\t\t\t\t\t\t\t<\/div>\n\t\t\t\t<\/div>\n\t\t\t\t<div class=\"elementor-element elementor-element-c770d9e elementor-widget elementor-widget-text-editor\" data-id=\"c770d9e\" data-element_type=\"widget\" data-widget_type=\"text-editor.default\">\n\t\t\t\t<div class=\"elementor-widget-container\">\n\t\t\t\t\t\t\t\t\t<p><strong>Serrells de Sol ponent&nbsp;&nbsp;<\/strong><\/p><p>77&#215;155 cm. Jute i t\u00e8cnica mixta<\/p>\t\t\t\t\t\t\t\t<\/div>\n\t\t\t\t<\/div>\n\t\t\t\t<div class=\"elementor-element elementor-element-c2f7b98 elementor-widget elementor-widget-image\" data-id=\"c2f7b98\" data-element_type=\"widget\" data-widget_type=\"image.default\">\n\t\t\t\t<div class=\"elementor-widget-container\">\n\t\t\t\t\t\t\t\t\t\t\t\t\t\t\t<img loading=\"lazy\" decoding=\"async\" width=\"819\" height=\"1024\" src=\"https:\/\/www.annacarmona.com\/wp-content\/uploads\/2022\/09\/SerrellsElegancia-819x1024.jpeg\" class=\"attachment-large size-large wp-image-149\" alt=\"Serrells d\u2019Eleg\u00e0ncia\" srcset=\"https:\/\/www.annacarmona.com\/wp-content\/uploads\/2022\/09\/SerrellsElegancia-819x1024.jpeg 819w, https:\/\/www.annacarmona.com\/wp-content\/uploads\/2022\/09\/SerrellsElegancia-240x300.jpeg 240w, https:\/\/www.annacarmona.com\/wp-content\/uploads\/2022\/09\/SerrellsElegancia-768x960.jpeg 768w, https:\/\/www.annacarmona.com\/wp-content\/uploads\/2022\/09\/SerrellsElegancia-1229x1536.jpeg 1229w, https:\/\/www.annacarmona.com\/wp-content\/uploads\/2022\/09\/SerrellsElegancia-1638x2048.jpeg 1638w, https:\/\/www.annacarmona.com\/wp-content\/uploads\/2022\/09\/SerrellsElegancia-528x660.jpeg 528w, https:\/\/www.annacarmona.com\/wp-content\/uploads\/2022\/09\/SerrellsElegancia.jpeg 1707w\" sizes=\"(max-width: 819px) 100vw, 819px\" \/>\t\t\t\t\t\t\t\t\t\t\t\t\t\t\t<\/div>\n\t\t\t\t<\/div>\n\t\t\t\t<div class=\"elementor-element elementor-element-be07705 elementor-widget elementor-widget-text-editor\" data-id=\"be07705\" data-element_type=\"widget\" data-widget_type=\"text-editor.default\">\n\t\t\t\t<div class=\"elementor-widget-container\">\n\t\t\t\t\t\t\t\t\t<p><strong>Serrells d\u2019Eleg\u00e0ncia&nbsp;<\/strong><\/p><p><strong><\/strong>140&#215;170 cm. Jute i t\u00e8cnica mixta<\/p>\t\t\t\t\t\t\t\t<\/div>\n\t\t\t\t<\/div>\n\t\t\t\t\t<\/div>\n\t\t<\/div>\n\t\t\t\t\t<\/div>\n\t\t<\/section>\n\t\t\t\t<section class=\"elementor-section elementor-top-section elementor-element elementor-element-b878fde elementor-section-boxed elementor-section-height-default elementor-section-height-default\" data-id=\"b878fde\" data-element_type=\"section\">\n\t\t\t\t\t\t<div class=\"elementor-container elementor-column-gap-default\">\n\t\t\t\t\t<div class=\"elementor-column elementor-col-100 elementor-top-column elementor-element elementor-element-0c0a47a\" data-id=\"0c0a47a\" data-element_type=\"column\">\n\t\t\t<div class=\"elementor-widget-wrap elementor-element-populated\">\n\t\t\t\t\t\t<div class=\"elementor-element elementor-element-35e9430 elementor-widget elementor-widget-heading\" data-id=\"35e9430\" data-element_type=\"widget\" data-widget_type=\"heading.default\">\n\t\t\t\t<div class=\"elementor-widget-container\">\n\t\t\t\t\t<h2 class=\"elementor-heading-title elementor-size-default\">S\u00e8rie Ciutat<\/h2>\t\t\t\t<\/div>\n\t\t\t\t<\/div>\n\t\t\t\t<div class=\"elementor-element elementor-element-58bba57 elementor-widget elementor-widget-text-editor\" data-id=\"58bba57\" data-element_type=\"widget\" data-widget_type=\"text-editor.default\">\n\t\t\t\t<div class=\"elementor-widget-container\">\n\t\t\t\t\t\t\t\t\t<p>La mort d\u2019en Ricardo Bofill fa rememorar les seves obres. Volums i i geometries arquitect\u00f2niques . Edificis monocrom\u00e0tics. De la F\u00e0brica a La Catedral. Arcs. La seva obra m\u2019impulsa a traslladar geometries arquitect\u00f2niques al teixit. Neix la s\u00e8rie Girona. <br \/>Els colors de la s\u00e8rie Girona s\u00f3n b\u00e0sicament el natural, el blanc, l\u2019\u00f2xid de ferro vell, el Siena, el blau mar\u00ed i el negre. Tots ells rememoren a cada pas, la petjada de la hist\u00f2ria, i em permeten introduir una paleta de colors m\u00e9s variada unint clarament d\u2019on vinc i el que m\u2019identifica en el present.<\/p>\t\t\t\t\t\t\t\t<\/div>\n\t\t\t\t<\/div>\n\t\t\t\t<div class=\"elementor-element elementor-element-0b009e6 elementor-widget elementor-widget-image\" data-id=\"0b009e6\" data-element_type=\"widget\" data-widget_type=\"image.default\">\n\t\t\t\t<div class=\"elementor-widget-container\">\n\t\t\t\t\t\t\t\t\t\t\t\t\t\t\t<img loading=\"lazy\" decoding=\"async\" width=\"894\" height=\"1024\" src=\"https:\/\/www.annacarmona.com\/wp-content\/uploads\/2022\/09\/Girona4159N249E-2-894x1024.jpeg\" class=\"attachment-large size-large wp-image-136\" alt=\"Girona 41\u00b059\u2019N 2\u00b049\u201938\u201dE Girona 41\u00b059\u2019 N 2\u00b049\u201939\u201dE\" srcset=\"https:\/\/www.annacarmona.com\/wp-content\/uploads\/2022\/09\/Girona4159N249E-2-894x1024.jpeg 894w, https:\/\/www.annacarmona.com\/wp-content\/uploads\/2022\/09\/Girona4159N249E-2-262x300.jpeg 262w, https:\/\/www.annacarmona.com\/wp-content\/uploads\/2022\/09\/Girona4159N249E-2-768x879.jpeg 768w, https:\/\/www.annacarmona.com\/wp-content\/uploads\/2022\/09\/Girona4159N249E-2-1341x1536.jpeg 1341w, https:\/\/www.annacarmona.com\/wp-content\/uploads\/2022\/09\/Girona4159N249E-2-1789x2048.jpeg 1789w, https:\/\/www.annacarmona.com\/wp-content\/uploads\/2022\/09\/Girona4159N249E-2-576x660.jpeg 576w\" sizes=\"(max-width: 894px) 100vw, 894px\" \/>\t\t\t\t\t\t\t\t\t\t\t\t\t\t\t<\/div>\n\t\t\t\t<\/div>\n\t\t\t\t<div class=\"elementor-element elementor-element-26b1fa4 elementor-widget elementor-widget-text-editor\" data-id=\"26b1fa4\" data-element_type=\"widget\" data-widget_type=\"text-editor.default\">\n\t\t\t\t<div class=\"elementor-widget-container\">\n\t\t\t\t\t\t\t\t\t<p style=\"text-align: center;\"><strong>Girona 41\u00b059\u2019N 2\u00b049\u201938\u201dE<\/strong><\/p><p style=\"text-align: center;\">\u00a0 31&#215;93 cm. Cot\u00f3-lli m\u00e9s t\u00e8cnica mixta<\/p><p style=\"text-align: center;\"><strong>Girona 41\u00b059\u2019 N 2\u00b049\u201939\u201dE<\/strong>\u00a0<\/p><p style=\"text-align: center;\">33&#215;73 cm. Cot\u00f3-lli m\u00e9s t\u00e8cnica mixta<\/p>\t\t\t\t\t\t\t\t<\/div>\n\t\t\t\t<\/div>\n\t\t\t\t<div class=\"elementor-element elementor-element-5abf32b elementor-widget elementor-widget-image\" data-id=\"5abf32b\" data-element_type=\"widget\" data-widget_type=\"image.default\">\n\t\t\t\t<div class=\"elementor-widget-container\">\n\t\t\t\t\t\t\t\t\t\t\t\t\t\t\t<img loading=\"lazy\" decoding=\"async\" width=\"820\" height=\"1024\" src=\"https:\/\/www.annacarmona.com\/wp-content\/uploads\/2022\/09\/Girona4159N249E-820x1024.jpeg\" class=\"attachment-large size-large wp-image-137\" alt=\"Girona 41\u00b059\u2019 N 2\u00b049\u2019E Girona 41\u00b059\u2019N 2\u00b049\u201933\u201dE\" srcset=\"https:\/\/www.annacarmona.com\/wp-content\/uploads\/2022\/09\/Girona4159N249E-820x1024.jpeg 820w, https:\/\/www.annacarmona.com\/wp-content\/uploads\/2022\/09\/Girona4159N249E-240x300.jpeg 240w, https:\/\/www.annacarmona.com\/wp-content\/uploads\/2022\/09\/Girona4159N249E-768x959.jpeg 768w, https:\/\/www.annacarmona.com\/wp-content\/uploads\/2022\/09\/Girona4159N249E-1230x1536.jpeg 1230w, https:\/\/www.annacarmona.com\/wp-content\/uploads\/2022\/09\/Girona4159N249E-1640x2048.jpeg 1640w, https:\/\/www.annacarmona.com\/wp-content\/uploads\/2022\/09\/Girona4159N249E-528x660.jpeg 528w, https:\/\/www.annacarmona.com\/wp-content\/uploads\/2022\/09\/Girona4159N249E.jpeg 1965w\" sizes=\"(max-width: 820px) 100vw, 820px\" \/>\t\t\t\t\t\t\t\t\t\t\t\t\t\t\t<\/div>\n\t\t\t\t<\/div>\n\t\t\t\t<div class=\"elementor-element elementor-element-b46bba5 elementor-widget elementor-widget-text-editor\" data-id=\"b46bba5\" data-element_type=\"widget\" data-widget_type=\"text-editor.default\">\n\t\t\t\t<div class=\"elementor-widget-container\">\n\t\t\t\t\t\t\t\t\t<p><strong>Girona 41\u00b059\u2019 N 2\u00b049\u2019E<\/strong><\/p><p>\u00a0 33&#215;73 cm. Cot\u00f3-lli m\u00e9s t\u00e8cnica mixta<\/p><p><strong>Girona 41\u00b059\u2019N 2\u00b049\u201933\u201dE<\/strong>\u00a0<\/p><p>31&#215;93 cm. Cot\u00f3-lli m\u00e9s t\u00e8cnica mixta<\/p>\t\t\t\t\t\t\t\t<\/div>\n\t\t\t\t<\/div>\n\t\t\t\t<div class=\"elementor-element elementor-element-e7097c1 elementor-widget elementor-widget-image\" data-id=\"e7097c1\" data-element_type=\"widget\" data-widget_type=\"image.default\">\n\t\t\t\t<div class=\"elementor-widget-container\">\n\t\t\t\t\t\t\t\t\t\t\t\t\t\t\t<img loading=\"lazy\" decoding=\"async\" width=\"819\" height=\"1024\" src=\"https:\/\/www.annacarmona.com\/wp-content\/uploads\/2023\/10\/1662823707298-01_edited-819x1024.jpeg\" class=\"attachment-large size-large wp-image-968\" alt=\"\" srcset=\"https:\/\/www.annacarmona.com\/wp-content\/uploads\/2023\/10\/1662823707298-01_edited-819x1024.jpeg 819w, https:\/\/www.annacarmona.com\/wp-content\/uploads\/2023\/10\/1662823707298-01_edited-240x300.jpeg 240w, https:\/\/www.annacarmona.com\/wp-content\/uploads\/2023\/10\/1662823707298-01_edited-768x960.jpeg 768w, https:\/\/www.annacarmona.com\/wp-content\/uploads\/2023\/10\/1662823707298-01_edited-1228x1536.jpeg 1228w, https:\/\/www.annacarmona.com\/wp-content\/uploads\/2023\/10\/1662823707298-01_edited-1638x2048.jpeg 1638w, https:\/\/www.annacarmona.com\/wp-content\/uploads\/2023\/10\/1662823707298-01_edited-scaled.jpeg 2047w\" sizes=\"(max-width: 819px) 100vw, 819px\" \/>\t\t\t\t\t\t\t\t\t\t\t\t\t\t\t<\/div>\n\t\t\t\t<\/div>\n\t\t\t\t<div class=\"elementor-element elementor-element-2c496ef elementor-widget elementor-widget-text-editor\" data-id=\"2c496ef\" data-element_type=\"widget\" data-widget_type=\"text-editor.default\">\n\t\t\t\t<div class=\"elementor-widget-container\">\n\t\t\t\t\t\t\t\t\t<p><strong>Riu Onyar i Ter\u00a0<\/strong><\/p><p>35x126cm. Cot\u00f3-lli i t\u00e8cnica mixta<\/p>\t\t\t\t\t\t\t\t<\/div>\n\t\t\t\t<\/div>\n\t\t\t\t<div class=\"elementor-element elementor-element-ba9b0ea elementor-widget elementor-widget-image\" data-id=\"ba9b0ea\" data-element_type=\"widget\" data-widget_type=\"image.default\">\n\t\t\t\t<div class=\"elementor-widget-container\">\n\t\t\t\t\t\t\t\t\t\t\t\t\t\t\t<img loading=\"lazy\" decoding=\"async\" width=\"819\" height=\"1024\" src=\"https:\/\/www.annacarmona.com\/wp-content\/uploads\/2022\/09\/GironaCiutatDeFerro-819x1024.jpeg\" class=\"attachment-large size-large wp-image-138\" alt=\"Girona ciutat de ferro\" srcset=\"https:\/\/www.annacarmona.com\/wp-content\/uploads\/2022\/09\/GironaCiutatDeFerro-819x1024.jpeg 819w, https:\/\/www.annacarmona.com\/wp-content\/uploads\/2022\/09\/GironaCiutatDeFerro-240x300.jpeg 240w, https:\/\/www.annacarmona.com\/wp-content\/uploads\/2022\/09\/GironaCiutatDeFerro-768x961.jpeg 768w, https:\/\/www.annacarmona.com\/wp-content\/uploads\/2022\/09\/GironaCiutatDeFerro-1228x1536.jpeg 1228w, https:\/\/www.annacarmona.com\/wp-content\/uploads\/2022\/09\/GironaCiutatDeFerro-1637x2048.jpeg 1637w, https:\/\/www.annacarmona.com\/wp-content\/uploads\/2022\/09\/GironaCiutatDeFerro-528x660.jpeg 528w, https:\/\/www.annacarmona.com\/wp-content\/uploads\/2022\/09\/GironaCiutatDeFerro.jpeg 1707w\" sizes=\"(max-width: 819px) 100vw, 819px\" \/>\t\t\t\t\t\t\t\t\t\t\t\t\t\t\t<\/div>\n\t\t\t\t<\/div>\n\t\t\t\t<div class=\"elementor-element elementor-element-b32364c elementor-widget elementor-widget-text-editor\" data-id=\"b32364c\" data-element_type=\"widget\" data-widget_type=\"text-editor.default\">\n\t\t\t\t<div class=\"elementor-widget-container\">\n\t\t\t\t\t\t\t\t\t<p><strong>Girona ciutat de ferro<\/strong>&nbsp;<\/p><p>80x80cm. Cot\u00f3-lli i t\u00e8cnica mixta<\/p>\t\t\t\t\t\t\t\t<\/div>\n\t\t\t\t<\/div>\n\t\t\t\t<div class=\"elementor-element elementor-element-6424792 elementor-widget elementor-widget-image\" data-id=\"6424792\" data-element_type=\"widget\" data-widget_type=\"image.default\">\n\t\t\t\t<div class=\"elementor-widget-container\">\n\t\t\t\t\t\t\t\t\t\t\t\t\t\t\t<img loading=\"lazy\" decoding=\"async\" width=\"963\" height=\"1024\" src=\"https:\/\/www.annacarmona.com\/wp-content\/uploads\/2022\/09\/GironaCiutatDeRius-963x1024.jpeg\" class=\"attachment-large size-large wp-image-139\" alt=\"Girona ciutat de rius\" srcset=\"https:\/\/www.annacarmona.com\/wp-content\/uploads\/2022\/09\/GironaCiutatDeRius-963x1024.jpeg 963w, https:\/\/www.annacarmona.com\/wp-content\/uploads\/2022\/09\/GironaCiutatDeRius-282x300.jpeg 282w, https:\/\/www.annacarmona.com\/wp-content\/uploads\/2022\/09\/GironaCiutatDeRius-768x817.jpeg 768w, https:\/\/www.annacarmona.com\/wp-content\/uploads\/2022\/09\/GironaCiutatDeRius-1444x1536.jpeg 1444w, https:\/\/www.annacarmona.com\/wp-content\/uploads\/2022\/09\/GironaCiutatDeRius-1925x2048.jpeg 1925w, https:\/\/www.annacarmona.com\/wp-content\/uploads\/2022\/09\/GironaCiutatDeRius-620x660.jpeg 620w\" sizes=\"(max-width: 963px) 100vw, 963px\" \/>\t\t\t\t\t\t\t\t\t\t\t\t\t\t\t<\/div>\n\t\t\t\t<\/div>\n\t\t\t\t<div class=\"elementor-element elementor-element-2fe363b elementor-widget elementor-widget-text-editor\" data-id=\"2fe363b\" data-element_type=\"widget\" data-widget_type=\"text-editor.default\">\n\t\t\t\t<div class=\"elementor-widget-container\">\n\t\t\t\t\t\t\t\t\t<p><strong>Girona ciutat de rius<\/strong>&nbsp;<\/p><p>112 cm . Cot\u00f3-lli i t\u00e8cnica mixta<\/p>\t\t\t\t\t\t\t\t<\/div>\n\t\t\t\t<\/div>\n\t\t\t\t<div class=\"elementor-element elementor-element-5fe969a elementor-widget elementor-widget-image\" data-id=\"5fe969a\" data-element_type=\"widget\" data-widget_type=\"image.default\">\n\t\t\t\t<div class=\"elementor-widget-container\">\n\t\t\t\t\t\t\t\t\t\t\t\t\t\t\t<img loading=\"lazy\" decoding=\"async\" width=\"819\" height=\"1024\" src=\"https:\/\/www.annacarmona.com\/wp-content\/uploads\/2022\/09\/PontsDePedra-819x1024.jpeg\" class=\"attachment-large size-large wp-image-146\" alt=\"Ponts de Pedra\" srcset=\"https:\/\/www.annacarmona.com\/wp-content\/uploads\/2022\/09\/PontsDePedra-819x1024.jpeg 819w, https:\/\/www.annacarmona.com\/wp-content\/uploads\/2022\/09\/PontsDePedra-240x300.jpeg 240w, https:\/\/www.annacarmona.com\/wp-content\/uploads\/2022\/09\/PontsDePedra-768x960.jpeg 768w, https:\/\/www.annacarmona.com\/wp-content\/uploads\/2022\/09\/PontsDePedra-1228x1536.jpeg 1228w, https:\/\/www.annacarmona.com\/wp-content\/uploads\/2022\/09\/PontsDePedra-1638x2048.jpeg 1638w, https:\/\/www.annacarmona.com\/wp-content\/uploads\/2022\/09\/PontsDePedra-528x660.jpeg 528w, https:\/\/www.annacarmona.com\/wp-content\/uploads\/2022\/09\/PontsDePedra.jpeg 1931w\" sizes=\"(max-width: 819px) 100vw, 819px\" \/>\t\t\t\t\t\t\t\t\t\t\t\t\t\t\t<\/div>\n\t\t\t\t<\/div>\n\t\t\t\t<div class=\"elementor-element elementor-element-917dcca elementor-widget elementor-widget-text-editor\" data-id=\"917dcca\" data-element_type=\"widget\" data-widget_type=\"text-editor.default\">\n\t\t\t\t<div class=\"elementor-widget-container\">\n\t\t\t\t\t\t\t\t\t<p><strong>Ponts de Pedra<\/strong>&nbsp;<\/p><p>60x60cm. Cot\u00f3-lli i t\u00e8cnica mixta<\/p>\t\t\t\t\t\t\t\t<\/div>\n\t\t\t\t<\/div>\n\t\t\t\t\t<\/div>\n\t\t<\/div>\n\t\t\t\t\t<\/div>\n\t\t<\/section>\n\t\t\t\t<section class=\"elementor-section elementor-top-section elementor-element elementor-element-f04a4d2 elementor-section-boxed elementor-section-height-default elementor-section-height-default\" data-id=\"f04a4d2\" data-element_type=\"section\">\n\t\t\t\t\t\t<div class=\"elementor-container elementor-column-gap-default\">\n\t\t\t\t\t<div class=\"elementor-column elementor-col-100 elementor-top-column elementor-element elementor-element-3370d84\" data-id=\"3370d84\" data-element_type=\"column\">\n\t\t\t<div class=\"elementor-widget-wrap elementor-element-populated\">\n\t\t\t\t\t\t<div class=\"elementor-element elementor-element-927ae0a elementor-widget elementor-widget-heading\" data-id=\"927ae0a\" data-element_type=\"widget\" data-widget_type=\"heading.default\">\n\t\t\t\t<div class=\"elementor-widget-container\">\n\t\t\t\t\t<h2 class=\"elementor-heading-title elementor-size-default\">S\u00e8rie Natura<\/h2>\t\t\t\t<\/div>\n\t\t\t\t<\/div>\n\t\t\t\t<div class=\"elementor-element elementor-element-972634a elementor-widget elementor-widget-text-editor\" data-id=\"972634a\" data-element_type=\"widget\" data-widget_type=\"text-editor.default\">\n\t\t\t\t<div class=\"elementor-widget-container\">\n\t\t\t\t\t\t\t\t\t<p>En la recerca de materials sostenibles i la voluntat ferma d\u2019adequar la pr\u00e0ctica art\u00edstica a un model de vida m\u00e9s sostenible, em porten a treballar amb el Sisal i el Cuir. Actualment, diversos dissenyadors i investigadors posen en valor la fibra de sisal per les seves propietats de durabilitat i resist\u00e8ncia i com a generaci\u00f3 de recursos econ\u00f2mics de les comunitats rurals que tradicionalment cultiven i treballen aquesta fibra. En el treball del cuir, utilitzo residus provinents de les ind\u00fastries del cal\u00e7at i del mobiliari de l\u2019autom\u00f2bil, donant una segona vida a retalls i peces defectuoses.<\/p>\t\t\t\t\t\t\t\t<\/div>\n\t\t\t\t<\/div>\n\t\t\t\t<div class=\"elementor-element elementor-element-4bfa450 elementor-widget elementor-widget-image\" data-id=\"4bfa450\" data-element_type=\"widget\" data-widget_type=\"image.default\">\n\t\t\t\t<div class=\"elementor-widget-container\">\n\t\t\t\t\t\t\t\t\t\t\t\t\t\t\t<img loading=\"lazy\" decoding=\"async\" width=\"819\" height=\"1024\" src=\"https:\/\/www.annacarmona.com\/wp-content\/uploads\/2022\/09\/NaturaEstiu-819x1024.jpeg\" class=\"attachment-large size-large wp-image-142\" alt=\"Natura d\u2019Estiu\" srcset=\"https:\/\/www.annacarmona.com\/wp-content\/uploads\/2022\/09\/NaturaEstiu-819x1024.jpeg 819w, https:\/\/www.annacarmona.com\/wp-content\/uploads\/2022\/09\/NaturaEstiu-240x300.jpeg 240w, https:\/\/www.annacarmona.com\/wp-content\/uploads\/2022\/09\/NaturaEstiu-768x960.jpeg 768w, https:\/\/www.annacarmona.com\/wp-content\/uploads\/2022\/09\/NaturaEstiu-1228x1536.jpeg 1228w, https:\/\/www.annacarmona.com\/wp-content\/uploads\/2022\/09\/NaturaEstiu-528x660.jpeg 528w, https:\/\/www.annacarmona.com\/wp-content\/uploads\/2022\/09\/NaturaEstiu.jpeg 1622w\" sizes=\"(max-width: 819px) 100vw, 819px\" \/>\t\t\t\t\t\t\t\t\t\t\t\t\t\t\t<\/div>\n\t\t\t\t<\/div>\n\t\t\t\t<div class=\"elementor-element elementor-element-7795dee elementor-widget elementor-widget-text-editor\" data-id=\"7795dee\" data-element_type=\"widget\" data-widget_type=\"text-editor.default\">\n\t\t\t\t<div class=\"elementor-widget-container\">\n\t\t\t\t\t\t\t\t\t<p><strong>Natura d\u2019Estiu<\/strong>&nbsp;<\/p><p>68&#215;68 cm. Sisal i Cot\u00f3, cot\u00f3-lli m\u00e9s t\u00e8cnica mixta<\/p>\t\t\t\t\t\t\t\t<\/div>\n\t\t\t\t<\/div>\n\t\t\t\t<div class=\"elementor-element elementor-element-40d4cce elementor-widget elementor-widget-image\" data-id=\"40d4cce\" data-element_type=\"widget\" data-widget_type=\"image.default\">\n\t\t\t\t<div class=\"elementor-widget-container\">\n\t\t\t\t\t\t\t\t\t\t\t\t\t\t\t<img loading=\"lazy\" decoding=\"async\" width=\"1024\" height=\"819\" src=\"https:\/\/www.annacarmona.com\/wp-content\/uploads\/2022\/09\/NaturaEstiu2-1024x819.jpeg\" class=\"attachment-large size-large wp-image-143\" alt=\"Natura d\u2019Estiu\" srcset=\"https:\/\/www.annacarmona.com\/wp-content\/uploads\/2022\/09\/NaturaEstiu2-1024x819.jpeg 1024w, https:\/\/www.annacarmona.com\/wp-content\/uploads\/2022\/09\/NaturaEstiu2-300x240.jpeg 300w, https:\/\/www.annacarmona.com\/wp-content\/uploads\/2022\/09\/NaturaEstiu2-768x614.jpeg 768w, https:\/\/www.annacarmona.com\/wp-content\/uploads\/2022\/09\/NaturaEstiu2-1536x1228.jpeg 1536w, https:\/\/www.annacarmona.com\/wp-content\/uploads\/2022\/09\/NaturaEstiu2-2048x1637.jpeg 2048w, https:\/\/www.annacarmona.com\/wp-content\/uploads\/2022\/09\/NaturaEstiu2-826x660.jpeg 826w, https:\/\/www.annacarmona.com\/wp-content\/uploads\/2022\/09\/NaturaEstiu2-226x180.jpeg 226w\" sizes=\"(max-width: 1024px) 100vw, 1024px\" \/>\t\t\t\t\t\t\t\t\t\t\t\t\t\t\t<\/div>\n\t\t\t\t<\/div>\n\t\t\t\t<div class=\"elementor-element elementor-element-fde14fe elementor-widget elementor-widget-text-editor\" data-id=\"fde14fe\" data-element_type=\"widget\" data-widget_type=\"text-editor.default\">\n\t\t\t\t<div class=\"elementor-widget-container\">\n\t\t\t\t\t\t\t\t\t<p><strong>Natura d\u2019Estiu<\/strong><\/p><p><b><br \/><\/b>135&#215;80 cm. Sisal i Cot\u00f3, cot\u00f3-lli m\u00e9s t\u00e8cnica mixta<\/p>\t\t\t\t\t\t\t\t<\/div>\n\t\t\t\t<\/div>\n\t\t\t\t<div class=\"elementor-element elementor-element-9e267d4 elementor-widget elementor-widget-image\" data-id=\"9e267d4\" data-element_type=\"widget\" data-widget_type=\"image.default\">\n\t\t\t\t<div class=\"elementor-widget-container\">\n\t\t\t\t\t\t\t\t\t\t\t\t\t\t\t<img loading=\"lazy\" decoding=\"async\" width=\"819\" height=\"1024\" src=\"https:\/\/www.annacarmona.com\/wp-content\/uploads\/2022\/09\/NaturaSalvatge-819x1024.jpeg\" class=\"attachment-large size-large wp-image-145\" alt=\"Natura Salvatge\" srcset=\"https:\/\/www.annacarmona.com\/wp-content\/uploads\/2022\/09\/NaturaSalvatge-819x1024.jpeg 819w, https:\/\/www.annacarmona.com\/wp-content\/uploads\/2022\/09\/NaturaSalvatge-240x300.jpeg 240w, https:\/\/www.annacarmona.com\/wp-content\/uploads\/2022\/09\/NaturaSalvatge-768x961.jpeg 768w, https:\/\/www.annacarmona.com\/wp-content\/uploads\/2022\/09\/NaturaSalvatge-1228x1536.jpeg 1228w, https:\/\/www.annacarmona.com\/wp-content\/uploads\/2022\/09\/NaturaSalvatge-1637x2048.jpeg 1637w, https:\/\/www.annacarmona.com\/wp-content\/uploads\/2022\/09\/NaturaSalvatge-528x660.jpeg 528w, https:\/\/www.annacarmona.com\/wp-content\/uploads\/2022\/09\/NaturaSalvatge-scaled.jpeg 2047w\" sizes=\"(max-width: 819px) 100vw, 819px\" \/>\t\t\t\t\t\t\t\t\t\t\t\t\t\t\t<\/div>\n\t\t\t\t<\/div>\n\t\t\t\t<div class=\"elementor-element elementor-element-648b9a8 elementor-widget elementor-widget-text-editor\" data-id=\"648b9a8\" data-element_type=\"widget\" data-widget_type=\"text-editor.default\">\n\t\t\t\t<div class=\"elementor-widget-container\">\n\t\t\t\t\t\t\t\t\t<p><strong>Natura Salvatge&nbsp;<\/strong><\/p><p><span style=\"color: var( --e-global-color-text ); font-family: var( --e-global-typography-text-font-family ), Sans-serif; font-weight: var( --e-global-typography-text-font-weight ); font-size: 1.125rem;\">72x118cm. Cot\u00f3, Jute i cuir<\/span><\/p>\t\t\t\t\t\t\t\t<\/div>\n\t\t\t\t<\/div>\n\t\t\t\t<div class=\"elementor-element elementor-element-5c68d1b elementor-widget elementor-widget-image\" data-id=\"5c68d1b\" data-element_type=\"widget\" data-widget_type=\"image.default\">\n\t\t\t\t<div class=\"elementor-widget-container\">\n\t\t\t\t\t\t\t\t\t\t\t\t\t\t\t<img loading=\"lazy\" decoding=\"async\" width=\"820\" height=\"1024\" src=\"https:\/\/www.annacarmona.com\/wp-content\/uploads\/2022\/09\/NaturaGeometrica-820x1024.jpeg\" class=\"attachment-large size-large wp-image-144\" alt=\"Natura Geom\u00e8trica\" srcset=\"https:\/\/www.annacarmona.com\/wp-content\/uploads\/2022\/09\/NaturaGeometrica-820x1024.jpeg 820w, https:\/\/www.annacarmona.com\/wp-content\/uploads\/2022\/09\/NaturaGeometrica-240x300.jpeg 240w, https:\/\/www.annacarmona.com\/wp-content\/uploads\/2022\/09\/NaturaGeometrica-768x959.jpeg 768w, https:\/\/www.annacarmona.com\/wp-content\/uploads\/2022\/09\/NaturaGeometrica-1230x1536.jpeg 1230w, https:\/\/www.annacarmona.com\/wp-content\/uploads\/2022\/09\/NaturaGeometrica-1640x2048.jpeg 1640w, https:\/\/www.annacarmona.com\/wp-content\/uploads\/2022\/09\/NaturaGeometrica-528x660.jpeg 528w\" sizes=\"(max-width: 820px) 100vw, 820px\" \/>\t\t\t\t\t\t\t\t\t\t\t\t\t\t\t<\/div>\n\t\t\t\t<\/div>\n\t\t\t\t<div class=\"elementor-element elementor-element-48980fc elementor-widget elementor-widget-text-editor\" data-id=\"48980fc\" data-element_type=\"widget\" data-widget_type=\"text-editor.default\">\n\t\t\t\t<div class=\"elementor-widget-container\">\n\t\t\t\t\t\t\t\t\t<p><strong>Natura Geom\u00e8trica<\/strong><\/p><p><b><br \/><\/b>81x153cm. Cot\u00f3 i cuir<\/p>\t\t\t\t\t\t\t\t<\/div>\n\t\t\t\t<\/div>\n\t\t\t\t\t<\/div>\n\t\t<\/div>\n\t\t\t\t\t<\/div>\n\t\t<\/section>\n\t\t\t\t<\/div>\n\t\t","protected":false},"excerpt":{"rendered":"<p>LListat de continguts S\u00e8rie Cadaqu\u00e9s Records i experi\u00e8ncies de joventut i maduresa, on es barregen sensacions, tactes, formes i colors. Colors naturals de teixit, com si de restes de pellofes i fibres de plantes es tract\u00e9s. Amb colors cru d\u2019herbes seques a l\u2019estiu, al costat del blanc de les cases de Cadaqu\u00e9s i el color &hellip;<\/p>\n<p class=\"read-more\"> <a class=\"\" href=\"https:\/\/www.annacarmona.com\/?page_id=25\"> <span class=\"screen-reader-text\">Creacions<\/span> Llegeix m\u00e9s &raquo;<\/a><\/p>\n","protected":false},"author":1,"featured_media":0,"parent":0,"menu_order":0,"comment_status":"closed","ping_status":"closed","template":"","meta":{"site-sidebar-layout":"no-sidebar","site-content-layout":"page-builder","ast-site-content-layout":"","site-content-style":"default","site-sidebar-style":"default","ast-global-header-display":"","ast-banner-title-visibility":"","ast-main-header-display":"","ast-hfb-above-header-display":"","ast-hfb-below-header-display":"","ast-hfb-mobile-header-display":"","site-post-title":"disabled","ast-breadcrumbs-content":"","ast-featured-img":"disabled","footer-sml-layout":"","theme-transparent-header-meta":"","adv-header-id-meta":"","stick-header-meta":"","header-above-stick-meta":"","header-main-stick-meta":"","header-below-stick-meta":"","astra-migrate-meta-layouts":"","ast-page-background-enabled":"default","ast-page-background-meta":{"desktop":{"background-color":"var(--ast-global-color-4)","background-image":"","background-repeat":"repeat","background-position":"center center","background-size":"auto","background-attachment":"scroll","background-type":"","background-media":"","overlay-type":"","overlay-color":"","overlay-gradient":""},"tablet":{"background-color":"","background-image":"","background-repeat":"repeat","background-position":"center center","background-size":"auto","background-attachment":"scroll","background-type":"","background-media":"","overlay-type":"","overlay-color":"","overlay-gradient":""},"mobile":{"background-color":"","background-image":"","background-repeat":"repeat","background-position":"center center","background-size":"auto","background-attachment":"scroll","background-type":"","background-media":"","overlay-type":"","overlay-color":"","overlay-gradient":""}},"ast-content-background-meta":{"desktop":{"background-color":"var(--ast-global-color-5)","background-image":"","background-repeat":"repeat","background-position":"center center","background-size":"auto","background-attachment":"scroll","background-type":"","background-media":"","overlay-type":"","overlay-color":"","overlay-gradient":""},"tablet":{"background-color":"var(--ast-global-color-5)","background-image":"","background-repeat":"repeat","background-position":"center center","background-size":"auto","background-attachment":"scroll","background-type":"","background-media":"","overlay-type":"","overlay-color":"","overlay-gradient":""},"mobile":{"background-color":"var(--ast-global-color-5)","background-image":"","background-repeat":"repeat","background-position":"center center","background-size":"auto","background-attachment":"scroll","background-type":"","background-media":"","overlay-type":"","overlay-color":"","overlay-gradient":""}},"footnotes":""},"class_list":["post-25","page","type-page","status-publish","hentry"],"lang":"ca","translations":{"ca":25,"es":693,"en":695},"pll_sync_post":[],"_links":{"self":[{"href":"https:\/\/www.annacarmona.com\/index.php?rest_route=\/wp\/v2\/pages\/25","targetHints":{"allow":["GET"]}}],"collection":[{"href":"https:\/\/www.annacarmona.com\/index.php?rest_route=\/wp\/v2\/pages"}],"about":[{"href":"https:\/\/www.annacarmona.com\/index.php?rest_route=\/wp\/v2\/types\/page"}],"author":[{"embeddable":true,"href":"https:\/\/www.annacarmona.com\/index.php?rest_route=\/wp\/v2\/users\/1"}],"replies":[{"embeddable":true,"href":"https:\/\/www.annacarmona.com\/index.php?rest_route=%2Fwp%2Fv2%2Fcomments&post=25"}],"version-history":[{"count":149,"href":"https:\/\/www.annacarmona.com\/index.php?rest_route=\/wp\/v2\/pages\/25\/revisions"}],"predecessor-version":[{"id":975,"href":"https:\/\/www.annacarmona.com\/index.php?rest_route=\/wp\/v2\/pages\/25\/revisions\/975"}],"wp:attachment":[{"href":"https:\/\/www.annacarmona.com\/index.php?rest_route=%2Fwp%2Fv2%2Fmedia&parent=25"}],"curies":[{"name":"wp","href":"https:\/\/api.w.org\/{rel}","templated":true}]}}